{"id":411,"date":"2020-08-10T11:28:41","date_gmt":"2020-08-10T09:28:41","guid":{"rendered":"https:\/\/www.mtb-trachten.com\/?page_id=411"},"modified":"2020-08-10T16:50:50","modified_gmt":"2020-08-10T14:50:50","slug":"laufbekleidungen-herren","status":"publish","type":"page","link":"https:\/\/www.mtb-trachten.com\/en\/laufbekleidungen-herren\/","title":{"rendered":"Laufbekleidungen Herren"},"content":{"rendered":"<div data-elementor-type=\"wp-page\" data-elementor-id=\"411\" class=\"elementor elementor-411\">\n\t\t\t\t\t\t<section class=\"elementor-section elementor-top-section elementor-element elementor-element-05f08e5 elementor-section-boxed elementor-section-height-default elementor-section-height-default parallax_section_no qode_elementor_container_no\" data-id=\"05f08e5\" data-element_type=\"section\" data-e-type=\"section\">\n\t\t\t\t\t\t<div class=\"elementor-container elementor-column-gap-default\">\n\t\t\t\t\t<div class=\"elementor-column elementor-col-100 elementor-top-column elementor-element elementor-element-a55ea5c\" data-id=\"a55ea5c\" data-element_type=\"column\" data-e-type=\"column\">\n\t\t\t<div class=\"elementor-widget-wrap elementor-element-populated\">\n\t\t\t\t\t\t<div class=\"elementor-element elementor-element-9bd5d4b elementor-widget elementor-widget-heading\" data-id=\"9bd5d4b\" data-element_type=\"widget\" data-e-type=\"widget\" data-widget_type=\"heading.default\">\n\t\t\t\t<div class=\"elementor-widget-container\">\n\t\t\t\t\t<h1 class=\"elementor-heading-title elementor-size-default\">Men - Running clothes<\/h1>\t\t\t\t<\/div>\n\t\t\t\t<\/div>\n\t\t\t\t\t<\/div>\n\t\t<\/div>\n\t\t\t\t\t<\/div>\n\t\t<\/section>\n\t\t\t\t<section data-q_id=\"#blauschwarz\" class=\"elementor-section elementor-top-section elementor-element elementor-element-f999bb4 elementor-section-boxed elementor-section-height-default elementor-section-height-default parallax_section_no qode_elementor_container_no\" data-id=\"f999bb4\" data-element_type=\"section\" data-e-type=\"section\">\n\t\t\t\t\t\t<div class=\"elementor-container elementor-column-gap-default\">\n\t\t\t\t\t<div class=\"elementor-column elementor-col-100 elementor-top-column elementor-element elementor-element-458f097\" data-id=\"458f097\" data-element_type=\"column\" data-e-type=\"column\">\n\t\t\t<div class=\"elementor-widget-wrap elementor-element-populated\">\n\t\t\t\t\t\t<div class=\"elementor-element elementor-element-9a543c8 elementor-widget elementor-widget-heading\" data-id=\"9a543c8\" data-element_type=\"widget\" data-e-type=\"widget\" data-widget_type=\"heading.default\">\n\t\t\t\t<div class=\"elementor-widget-container\">\n\t\t\t\t\t<h3 class=\"elementor-heading-title elementor-size-default\">Blue black<\/h3>\t\t\t\t<\/div>\n\t\t\t\t<\/div>\n\t\t\t\t<div class=\"elementor-element elementor-element-9ee8584 elementor-widget elementor-widget-bridge_product_list\" data-id=\"9ee8584\" data-element_type=\"widget\" data-e-type=\"widget\" data-widget_type=\"bridge_product_list.default\">\n\t\t\t\t<div class=\"elementor-widget-container\">\n\t\t\t\t\t<div class=\"qode-pl-holder qode-standard-layout qode-normal-space qode-three-columns qode-info-below-image\"  data-info-position=\"info-below-image\" data-number-of-posts=\"3\" data-number-of-columns=\"3\" data-taxonomy-values=\"Herren\/Laufbekleidung\/blauschwarz-laufbekleidung\" data-display-rating=\"no\" data-excerpt-length=\"\" data-order=\"DESC\" data-type=\"standard\" data-space-between-items=\"normal\" data-show-ordering-filter=\"no\" data-price-range=\"\" data-orderby=\"date\" data-show-category-filter=\"no\" data-category-values=\"\" data-show-all-item-in-filter=\"\" data-taxonomy-to-display=\"category\" data-display-title=\"yes\" data-display-category=\"no\" data-display-excerpt=\"no\" data-display-price=\"yes\" data-product-info-skin=\"\" data-product-info-hover-skin=\"\" data-title-tag=\"h4\">\n\t                        <div class=\"qode-prl-loading\">\n            <span class=\"qode-prl-loading-msg\">Loading...<\/span>\n        <\/div>\n        <div class=\"qode-pl-outer\">\n            <div class=\"qode-pli qode-woo-image-normal-width\">\n\t<div class=\"qode-pli-inner\">\n\t\t<div class=\"qode-pli-image\">\n\t\t\t\n\n<img fetchpriority=\"high\" decoding=\"async\" width=\"300\" height=\"300\" src=\"https:\/\/www.mtb-trachten.com\/wp-content\/uploads\/2020\/08\/Laufbekleidung-Herren-blau-schwarz-Set-1-1-300x300.jpg\" class=\"attachment-shop_catalog size-shop_catalog wp-post-image\" alt=\"Laufbekleidung Herren blau-schwarz Set\" srcset=\"https:\/\/www.mtb-trachten.com\/wp-content\/uploads\/2020\/08\/Laufbekleidung-Herren-blau-schwarz-Set-1-1-300x300.jpg 300w, https:\/\/www.mtb-trachten.com\/wp-content\/uploads\/2020\/08\/Laufbekleidung-Herren-blau-schwarz-Set-1-1-100x100.jpg 100w, https:\/\/www.mtb-trachten.com\/wp-content\/uploads\/2020\/08\/Laufbekleidung-Herren-blau-schwarz-Set-1-1-150x150.jpg 150w, https:\/\/www.mtb-trachten.com\/wp-content\/uploads\/2020\/08\/Laufbekleidung-Herren-blau-schwarz-Set-1-1-400x400.jpg 400w, https:\/\/www.mtb-trachten.com\/wp-content\/uploads\/2020\/08\/Laufbekleidung-Herren-blau-schwarz-Set-1-1-570x570.jpg 570w, https:\/\/www.mtb-trachten.com\/wp-content\/uploads\/2020\/08\/Laufbekleidung-Herren-blau-schwarz-Set-1-1-500x500.jpg 500w, https:\/\/www.mtb-trachten.com\/wp-content\/uploads\/2020\/08\/Laufbekleidung-Herren-blau-schwarz-Set-1-1-1000x1000.jpg 1000w\" sizes=\"(max-width: 300px) 100vw, 300px\" \/>\t\t<\/div>\n\t\t<div class=\"qode-pli-text\">\n\t\t\t<div class=\"qode-pli-text-outer\">\n\t\t\t\t<div class=\"qode-pli-text-inner\">\n\t\t\t\t\t\t\t\t\t<\/div>\n\t\t\t<\/div>\n\t\t<\/div>\n\t\t<a class=\"qode-pli-link\" itemprop=\"url\" href=\"https:\/\/www.mtb-trachten.com\/en\/product\/herren-set-blauschwarz-3\/\" title=\"Herren Set Blauschwarz &#8211; Laufbekleidung\"><\/a>\n\t<\/div>\n\t<div class=\"qode-pli-text-wrapper\" >\n\t\t    <h4 itemprop=\"name\" class=\"entry-title qode-pli-title\" >\n\t\t<a itemprop=\"url\" href=\"https:\/\/www.mtb-trachten.com\/en\/product\/herren-set-blauschwarz-3\/\">Herren Set Blauschwarz &#8211; Laufbekleidung<\/a>\n\t<\/h4>\n\t\t\n\t\t\t\t\n\t\t\t\t\n\t\t\t\t\n\t\t\t<div class=\"qode-pli-price\"><span class=\"woocommerce-Price-amount amount\"><bdi><span class=\"woocommerce-Price-currencySymbol\">&euro;<\/span>&nbsp;119,00<\/bdi><\/span><\/div>\n\n\t\t\t\n\t<div class=\"qode-pli-add-to-cart\">\n\t\t<a rel=\"nofollow\" href=\"https:\/\/www.mtb-trachten.com\/en\/product\/herren-set-blauschwarz-3\/\" data-quantity=\"1\" data-product_id=\"310\" data-product_sku=\"\" class=\"product_type_variable add_to_cart_button qode-button\" data-no-translation=\"\" data-trp-gettext=\"\">Select version<\/a>\t<\/div>\t<\/div>\n<\/div><div class=\"qode-pli qode-woo-image-normal-width\">\n\t<div class=\"qode-pli-inner\">\n\t\t<div class=\"qode-pli-image\">\n\t\t\t\n\n<img decoding=\"async\" width=\"300\" height=\"300\" src=\"https:\/\/www.mtb-trachten.com\/wp-content\/uploads\/2020\/08\/Laufbekleidung-Herren-blau-schwarz-Trikot-1-300x300.jpg\" class=\"attachment-shop_catalog size-shop_catalog wp-post-image\" alt=\"Laufbekleidung Herren blau-schwarz Trikot\" srcset=\"https:\/\/www.mtb-trachten.com\/wp-content\/uploads\/2020\/08\/Laufbekleidung-Herren-blau-schwarz-Trikot-1-300x300.jpg 300w, https:\/\/www.mtb-trachten.com\/wp-content\/uploads\/2020\/08\/Laufbekleidung-Herren-blau-schwarz-Trikot-1-100x100.jpg 100w, https:\/\/www.mtb-trachten.com\/wp-content\/uploads\/2020\/08\/Laufbekleidung-Herren-blau-schwarz-Trikot-1-150x150.jpg 150w, https:\/\/www.mtb-trachten.com\/wp-content\/uploads\/2020\/08\/Laufbekleidung-Herren-blau-schwarz-Trikot-1-400x400.jpg 400w, https:\/\/www.mtb-trachten.com\/wp-content\/uploads\/2020\/08\/Laufbekleidung-Herren-blau-schwarz-Trikot-1-570x570.jpg 570w, https:\/\/www.mtb-trachten.com\/wp-content\/uploads\/2020\/08\/Laufbekleidung-Herren-blau-schwarz-Trikot-1-500x500.jpg 500w, https:\/\/www.mtb-trachten.com\/wp-content\/uploads\/2020\/08\/Laufbekleidung-Herren-blau-schwarz-Trikot-1-1000x1000.jpg 1000w\" sizes=\"(max-width: 300px) 100vw, 300px\" \/>\t\t<\/div>\n\t\t<div class=\"qode-pli-text\">\n\t\t\t<div class=\"qode-pli-text-outer\">\n\t\t\t\t<div class=\"qode-pli-text-inner\">\n\t\t\t\t\t\t\t\t\t<\/div>\n\t\t\t<\/div>\n\t\t<\/div>\n\t\t<a class=\"qode-pli-link\" itemprop=\"url\" href=\"https:\/\/www.mtb-trachten.com\/en\/product\/herren-trikot-blauschwarz-3\/\" title=\"Herren Trikot Blauschwarz &#8211; Laufbekleidung\"><\/a>\n\t<\/div>\n\t<div class=\"qode-pli-text-wrapper\" >\n\t\t    <h4 itemprop=\"name\" class=\"entry-title qode-pli-title\" >\n\t\t<a itemprop=\"url\" href=\"https:\/\/www.mtb-trachten.com\/en\/product\/herren-trikot-blauschwarz-3\/\">Herren Trikot Blauschwarz &#8211; Laufbekleidung<\/a>\n\t<\/h4>\n\t\t\n\t\t\t\t\n\t\t\t\t\n\t\t\t\t\n\t\t\t<div class=\"qode-pli-price\"><span class=\"woocommerce-Price-amount amount\"><bdi><span class=\"woocommerce-Price-currencySymbol\">&euro;<\/span>&nbsp;69,00<\/bdi><\/span><\/div>\n\n\t\t\t\n\t<div class=\"qode-pli-add-to-cart\">\n\t\t<a rel=\"nofollow\" href=\"https:\/\/www.mtb-trachten.com\/en\/product\/herren-trikot-blauschwarz-3\/\" data-quantity=\"1\" data-product_id=\"316\" data-product_sku=\"\" class=\"product_type_variable add_to_cart_button qode-button\" data-no-translation=\"\" data-trp-gettext=\"\">Select version<\/a>\t<\/div>\t<\/div>\n<\/div><div class=\"qode-pli qode-woo-image-normal-width\">\n\t<div class=\"qode-pli-inner\">\n\t\t<div class=\"qode-pli-image\">\n\t\t\t\n\n<img decoding=\"async\" width=\"300\" height=\"300\" src=\"https:\/\/www.mtb-trachten.com\/wp-content\/uploads\/2020\/08\/Laufbekleidung-Herren-blau-schwarz-Hose-4-scaled-300x300.jpg\" class=\"attachment-shop_catalog size-shop_catalog wp-post-image\" alt=\"Laufbekleidung Herren blau-schwarz Hose\" srcset=\"https:\/\/www.mtb-trachten.com\/wp-content\/uploads\/2020\/08\/Laufbekleidung-Herren-blau-schwarz-Hose-4-scaled-300x300.jpg 300w, https:\/\/www.mtb-trachten.com\/wp-content\/uploads\/2020\/08\/Laufbekleidung-Herren-blau-schwarz-Hose-4-scaled-100x100.jpg 100w, https:\/\/www.mtb-trachten.com\/wp-content\/uploads\/2020\/08\/Laufbekleidung-Herren-blau-schwarz-Hose-4-150x150.jpg 150w, https:\/\/www.mtb-trachten.com\/wp-content\/uploads\/2020\/08\/Laufbekleidung-Herren-blau-schwarz-Hose-4-400x400.jpg 400w, https:\/\/www.mtb-trachten.com\/wp-content\/uploads\/2020\/08\/Laufbekleidung-Herren-blau-schwarz-Hose-4-570x570.jpg 570w, https:\/\/www.mtb-trachten.com\/wp-content\/uploads\/2020\/08\/Laufbekleidung-Herren-blau-schwarz-Hose-4-500x500.jpg 500w, https:\/\/www.mtb-trachten.com\/wp-content\/uploads\/2020\/08\/Laufbekleidung-Herren-blau-schwarz-Hose-4-1000x1000.jpg 1000w\" sizes=\"(max-width: 300px) 100vw, 300px\" \/>\t\t<\/div>\n\t\t<div class=\"qode-pli-text\">\n\t\t\t<div class=\"qode-pli-text-outer\">\n\t\t\t\t<div class=\"qode-pli-text-inner\">\n\t\t\t\t\t\t\t\t\t<\/div>\n\t\t\t<\/div>\n\t\t<\/div>\n\t\t<a class=\"qode-pli-link\" itemprop=\"url\" href=\"https:\/\/www.mtb-trachten.com\/en\/product\/herren-hose-blauschwarz-3\/\" title=\"Herren Hose Blauschwarz &#8211; Laufbekleidung\"><\/a>\n\t<\/div>\n\t<div class=\"qode-pli-text-wrapper\" >\n\t\t    <h4 itemprop=\"name\" class=\"entry-title qode-pli-title\" >\n\t\t<a itemprop=\"url\" href=\"https:\/\/www.mtb-trachten.com\/en\/product\/herren-hose-blauschwarz-3\/\">Herren Hose Blauschwarz &#8211; Laufbekleidung<\/a>\n\t<\/h4>\n\t\t\n\t\t\t\t\n\t\t\t\t\n\t\t\t\t\n\t\t\t<div class=\"qode-pli-price\"><span class=\"woocommerce-Price-amount amount\"><bdi><span class=\"woocommerce-Price-currencySymbol\">&euro;<\/span>&nbsp;59,00<\/bdi><\/span><\/div>\n\n\t\t\t\n\t<div class=\"qode-pli-add-to-cart\">\n\t\t<a rel=\"nofollow\" href=\"https:\/\/www.mtb-trachten.com\/en\/product\/herren-hose-blauschwarz-3\/\" data-quantity=\"1\" data-product_id=\"295\" data-product_sku=\"\" class=\"product_type_variable add_to_cart_button qode-button\" data-no-translation=\"\" data-trp-gettext=\"\">Select version<\/a>\t<\/div>\t<\/div>\n<\/div>        <\/div>\n    <\/div>\t\t\t\t<\/div>\n\t\t\t\t<\/div>\n\t\t\t\t\t<\/div>\n\t\t<\/div>\n\t\t\t\t\t<\/div>\n\t\t<\/section>\n\t\t\t\t<section data-q_id=\"#jacke\" class=\"elementor-section elementor-top-section elementor-element elementor-element-e878ee3 elementor-section-boxed elementor-section-height-default elementor-section-height-default parallax_section_no qode_elementor_container_no\" data-id=\"e878ee3\" data-element_type=\"section\" data-e-type=\"section\">\n\t\t\t\t\t\t<div class=\"elementor-container elementor-column-gap-default\">\n\t\t\t\t\t<div class=\"elementor-column elementor-col-100 elementor-top-column elementor-element elementor-element-a4dce47\" data-id=\"a4dce47\" data-element_type=\"column\" data-e-type=\"column\">\n\t\t\t<div class=\"elementor-widget-wrap elementor-element-populated\">\n\t\t\t\t\t\t<div class=\"elementor-element elementor-element-d530233 elementor-widget elementor-widget-heading\" data-id=\"d530233\" data-element_type=\"widget\" data-e-type=\"widget\" data-widget_type=\"heading.default\">\n\t\t\t\t<div class=\"elementor-widget-container\">\n\t\t\t\t\t<h3 class=\"elementor-heading-title elementor-size-default\">Jacket<\/h3>\t\t\t\t<\/div>\n\t\t\t\t<\/div>\n\t\t\t\t<div class=\"elementor-element elementor-element-eaa3bf3 elementor-widget elementor-widget-bridge_product_list\" data-id=\"eaa3bf3\" data-element_type=\"widget\" data-e-type=\"widget\" data-widget_type=\"bridge_product_list.default\">\n\t\t\t\t<div class=\"elementor-widget-container\">\n\t\t\t\t\t<div class=\"qode-pl-holder qode-standard-layout qode-normal-space qode-three-columns qode-info-below-image\"  data-info-position=\"info-below-image\" data-number-of-posts=\"3\" data-number-of-columns=\"3\" data-taxonomy-values=\"Herren\/Laufbekleidung\/jacke-laufbekleidung\" data-display-rating=\"no\" data-excerpt-length=\"\" data-order=\"DESC\" data-type=\"standard\" data-space-between-items=\"normal\" data-show-ordering-filter=\"no\" data-price-range=\"\" data-orderby=\"date\" data-show-category-filter=\"no\" data-category-values=\"\" data-show-all-item-in-filter=\"\" data-taxonomy-to-display=\"category\" data-display-title=\"yes\" data-display-category=\"no\" data-display-excerpt=\"no\" data-display-price=\"yes\" data-product-info-skin=\"\" data-product-info-hover-skin=\"\" data-title-tag=\"h4\">\n\t                        <div class=\"qode-prl-loading\">\n            <span class=\"qode-prl-loading-msg\">Loading...<\/span>\n        <\/div>\n        <div class=\"qode-pl-outer\">\n            <div class=\"qode-pli qode-woo-image-normal-width\">\n\t<div class=\"qode-pli-inner\">\n\t\t<div class=\"qode-pli-image\">\n\t\t\t\n\n<img loading=\"lazy\" decoding=\"async\" width=\"300\" height=\"300\" src=\"https:\/\/www.mtb-trachten.com\/wp-content\/uploads\/2020\/08\/Laufbekleidung-Herren-Jacke-3-300x300.jpg\" class=\"attachment-shop_catalog size-shop_catalog wp-post-image\" alt=\"Laufbekleidung Herren Jacke\" srcset=\"https:\/\/www.mtb-trachten.com\/wp-content\/uploads\/2020\/08\/Laufbekleidung-Herren-Jacke-3-300x300.jpg 300w, https:\/\/www.mtb-trachten.com\/wp-content\/uploads\/2020\/08\/Laufbekleidung-Herren-Jacke-3-100x100.jpg 100w, https:\/\/www.mtb-trachten.com\/wp-content\/uploads\/2020\/08\/Laufbekleidung-Herren-Jacke-3-150x150.jpg 150w, https:\/\/www.mtb-trachten.com\/wp-content\/uploads\/2020\/08\/Laufbekleidung-Herren-Jacke-3-400x400.jpg 400w, https:\/\/www.mtb-trachten.com\/wp-content\/uploads\/2020\/08\/Laufbekleidung-Herren-Jacke-3-570x570.jpg 570w, https:\/\/www.mtb-trachten.com\/wp-content\/uploads\/2020\/08\/Laufbekleidung-Herren-Jacke-3-500x500.jpg 500w, https:\/\/www.mtb-trachten.com\/wp-content\/uploads\/2020\/08\/Laufbekleidung-Herren-Jacke-3-1000x1000.jpg 1000w\" sizes=\"(max-width: 300px) 100vw, 300px\" \/>\t\t<\/div>\n\t\t<div class=\"qode-pli-text\">\n\t\t\t<div class=\"qode-pli-text-outer\">\n\t\t\t\t<div class=\"qode-pli-text-inner\">\n\t\t\t\t\t\t\t\t\t<\/div>\n\t\t\t<\/div>\n\t\t<\/div>\n\t\t<a class=\"qode-pli-link\" itemprop=\"url\" href=\"https:\/\/www.mtb-trachten.com\/en\/product\/herren-jacke-3\/\" title=\"Herren Jacke &#8211; Laufbekleidung\"><\/a>\n\t<\/div>\n\t<div class=\"qode-pli-text-wrapper\" >\n\t\t    <h4 itemprop=\"name\" class=\"entry-title qode-pli-title\" >\n\t\t<a itemprop=\"url\" href=\"https:\/\/www.mtb-trachten.com\/en\/product\/herren-jacke-3\/\">Herren Jacke &#8211; Laufbekleidung<\/a>\n\t<\/h4>\n\t\t\n\t\t\t\t\n\t\t\t\t\n\t\t\t\t\n\t\t\t<div class=\"qode-pli-price\"><span class=\"woocommerce-Price-amount amount\"><bdi><span class=\"woocommerce-Price-currencySymbol\">&euro;<\/span>&nbsp;149,00<\/bdi><\/span><\/div>\n\n\t\t\t\n\t<div class=\"qode-pli-add-to-cart\">\n\t\t<a rel=\"nofollow\" href=\"https:\/\/www.mtb-trachten.com\/en\/product\/herren-jacke-3\/\" data-quantity=\"1\" data-product_id=\"304\" data-product_sku=\"\" class=\"product_type_variable add_to_cart_button qode-button\" data-no-translation=\"\" data-trp-gettext=\"\">Select version<\/a>\t<\/div>\t<\/div>\n<\/div>        <\/div>\n    <\/div>\t\t\t\t<\/div>\n\t\t\t\t<\/div>\n\t\t\t\t\t<\/div>\n\t\t<\/div>\n\t\t\t\t\t<\/div>\n\t\t<\/section>\n\t\t\t\t<\/div>","protected":false},"excerpt":{"rendered":"<p>Herren &#8211; Laufbekleidung Blauschwarz Loading&#8230; Herren Set Blauschwarz 149,00&nbsp;&euro; Ausf\u00fchrung w\u00e4hlen Herren Trikot Blauschwarz 84,00&nbsp;&euro; Ausf\u00fchrung w\u00e4hlen Herren Hose Blauschwarz 74,00&nbsp;&euro; Ausf\u00fchrung w\u00e4hlen Jacke Loading&#8230; Herren Jacke 149,00&nbsp;&euro; Ausf\u00fchrung w\u00e4hlen<\/p>","protected":false},"author":1,"featured_media":0,"parent":0,"menu_order":0,"comment_status":"closed","ping_status":"closed","template":"","meta":{"footnotes":""},"class_list":["post-411","page","type-page","status-publish","hentry"],"aioseo_notices":[],"_links":{"self":[{"href":"https:\/\/www.mtb-trachten.com\/en\/wp-json\/wp\/v2\/pages\/411","targetHints":{"allow":["GET"]}}],"collection":[{"href":"https:\/\/www.mtb-trachten.com\/en\/wp-json\/wp\/v2\/pages"}],"about":[{"href":"https:\/\/www.mtb-trachten.com\/en\/wp-json\/wp\/v2\/types\/page"}],"author":[{"embeddable":true,"href":"https:\/\/www.mtb-trachten.com\/en\/wp-json\/wp\/v2\/users\/1"}],"replies":[{"embeddable":true,"href":"https:\/\/www.mtb-trachten.com\/en\/wp-json\/wp\/v2\/comments?post=411"}],"version-history":[{"count":0,"href":"https:\/\/www.mtb-trachten.com\/en\/wp-json\/wp\/v2\/pages\/411\/revisions"}],"wp:attachment":[{"href":"https:\/\/www.mtb-trachten.com\/en\/wp-json\/wp\/v2\/media?parent=411"}],"curies":[{"name":"wp","href":"https:\/\/api.w.org\/{rel}","templated":true}]}}