{"id":360,"date":"2020-08-07T16:41:51","date_gmt":"2020-08-07T14:41:51","guid":{"rendered":"https:\/\/www.mtb-trachten.com\/?page_id=360"},"modified":"2020-08-19T11:13:54","modified_gmt":"2020-08-19T09:13:54","slug":"radbekleidung-damen","status":"publish","type":"page","link":"https:\/\/www.mtb-trachten.com\/en\/radbekleidung-damen\/","title":{"rendered":"Radbekleidung Damen"},"content":{"rendered":"<div data-elementor-type=\"wp-page\" data-elementor-id=\"360\" class=\"elementor elementor-360\">\n\t\t\t\t\t\t<section class=\"elementor-section elementor-top-section elementor-element elementor-element-05f08e5 elementor-section-boxed elementor-section-height-default elementor-section-height-default parallax_section_no qode_elementor_container_no\" data-id=\"05f08e5\" data-element_type=\"section\" data-e-type=\"section\">\n\t\t\t\t\t\t<div class=\"elementor-container elementor-column-gap-default\">\n\t\t\t\t\t<div class=\"elementor-column elementor-col-100 elementor-top-column elementor-element elementor-element-a55ea5c\" data-id=\"a55ea5c\" data-element_type=\"column\" data-e-type=\"column\">\n\t\t\t<div class=\"elementor-widget-wrap elementor-element-populated\">\n\t\t\t\t\t\t<div class=\"elementor-element elementor-element-9bd5d4b elementor-widget elementor-widget-heading\" data-id=\"9bd5d4b\" data-element_type=\"widget\" data-e-type=\"widget\" data-widget_type=\"heading.default\">\n\t\t\t\t<div class=\"elementor-widget-container\">\n\t\t\t\t\t<h1 class=\"elementor-heading-title elementor-size-default\">Women's cycling clothing<\/h1>\t\t\t\t<\/div>\n\t\t\t\t<\/div>\n\t\t\t\t\t<\/div>\n\t\t<\/div>\n\t\t\t\t\t<\/div>\n\t\t<\/section>\n\t\t\t\t<section data-q_id=\"#rotbraun\" class=\"elementor-section elementor-top-section elementor-element elementor-element-e3c6388 elementor-section-boxed elementor-section-height-default elementor-section-height-default parallax_section_no qode_elementor_container_no\" data-id=\"e3c6388\" data-element_type=\"section\" data-e-type=\"section\">\n\t\t\t\t\t\t<div class=\"elementor-container elementor-column-gap-default\">\n\t\t\t\t\t<div class=\"elementor-column elementor-col-100 elementor-top-column elementor-element elementor-element-5f3244a\" data-id=\"5f3244a\" data-element_type=\"column\" data-e-type=\"column\">\n\t\t\t<div class=\"elementor-widget-wrap elementor-element-populated\">\n\t\t\t\t\t\t<div class=\"elementor-element elementor-element-37aa7d1 elementor-widget elementor-widget-heading\" data-id=\"37aa7d1\" data-element_type=\"widget\" data-e-type=\"widget\" data-widget_type=\"heading.default\">\n\t\t\t\t<div class=\"elementor-widget-container\">\n\t\t\t\t\t<h3 class=\"elementor-heading-title elementor-size-default\">Red brown<\/h3>\t\t\t\t<\/div>\n\t\t\t\t<\/div>\n\t\t\t\t<div class=\"elementor-element elementor-element-c1c3c02 elementor-widget elementor-widget-bridge_product_list\" data-id=\"c1c3c02\" data-element_type=\"widget\" data-e-type=\"widget\" data-widget_type=\"bridge_product_list.default\">\n\t\t\t\t<div class=\"elementor-widget-container\">\n\t\t\t\t\t<div class=\"qode-pl-holder qode-standard-layout qode-normal-space qode-three-columns qode-info-below-image\"  data-info-position=\"info-below-image\" data-number-of-posts=\"8\" data-number-of-columns=\"3\" data-taxonomy-values=\"Damen\/Radbekleidung\/Rotbraund\" data-image-size=\"square\" data-display-rating=\"no\" data-excerpt-length=\"\" data-order=\"DESC\" data-type=\"standard\" data-space-between-items=\"normal\" data-show-ordering-filter=\"no\" data-price-range=\"\" data-orderby=\"date\" data-show-category-filter=\"no\" data-category-values=\"\" data-show-all-item-in-filter=\"\" data-taxonomy-to-display=\"category\" data-display-title=\"yes\" data-display-category=\"no\" data-display-excerpt=\"no\" data-display-price=\"yes\" data-product-info-skin=\"\" data-product-info-hover-skin=\"\" data-title-tag=\"h4\">\n\t                        <div class=\"qode-prl-loading\">\n            <span class=\"qode-prl-loading-msg\">Loading...<\/span>\n        <\/div>\n        <div class=\"qode-pl-outer\">\n            <div class=\"qode-pli qode-woo-image-normal-width\">\n\t<div class=\"qode-pli-inner\">\n\t\t<div class=\"qode-pli-image\">\n\t\t\t\n\n<img fetchpriority=\"high\" decoding=\"async\" width=\"570\" height=\"570\" src=\"https:\/\/www.mtb-trachten.com\/wp-content\/uploads\/2020\/08\/Radbekleidung_Damen_Rot_braun_Hose-570x570.jpg\" class=\"attachment-portfolio-square size-portfolio-square wp-post-image\" alt=\"Radbekleidung Damen Rot braun Hose\" srcset=\"https:\/\/www.mtb-trachten.com\/wp-content\/uploads\/2020\/08\/Radbekleidung_Damen_Rot_braun_Hose-570x570.jpg 570w, https:\/\/www.mtb-trachten.com\/wp-content\/uploads\/2020\/08\/Radbekleidung_Damen_Rot_braun_Hose-scaled-300x300.jpg 300w, https:\/\/www.mtb-trachten.com\/wp-content\/uploads\/2020\/08\/Radbekleidung_Damen_Rot_braun_Hose-scaled-100x100.jpg 100w, https:\/\/www.mtb-trachten.com\/wp-content\/uploads\/2020\/08\/Radbekleidung_Damen_Rot_braun_Hose-150x150.jpg 150w, https:\/\/www.mtb-trachten.com\/wp-content\/uploads\/2020\/08\/Radbekleidung_Damen_Rot_braun_Hose-400x400.jpg 400w, https:\/\/www.mtb-trachten.com\/wp-content\/uploads\/2020\/08\/Radbekleidung_Damen_Rot_braun_Hose-500x500.jpg 500w, https:\/\/www.mtb-trachten.com\/wp-content\/uploads\/2020\/08\/Radbekleidung_Damen_Rot_braun_Hose-1000x1000.jpg 1000w\" sizes=\"(max-width: 570px) 100vw, 570px\" \/>\t\t<\/div>\n\t\t<div class=\"qode-pli-text\">\n\t\t\t<div class=\"qode-pli-text-outer\">\n\t\t\t\t<div class=\"qode-pli-text-inner\">\n\t\t\t\t\t\t\t\t\t<\/div>\n\t\t\t<\/div>\n\t\t<\/div>\n\t\t<a class=\"qode-pli-link\" itemprop=\"url\" href=\"https:\/\/www.mtb-trachten.com\/en\/product\/damen-set-rotbraun\/\" title=\"Damen Set Rotbraun &#8211; Radbekleidung\"><\/a>\n\t<\/div>\n\t<div class=\"qode-pli-text-wrapper\" >\n\t\t    <h4 itemprop=\"name\" class=\"entry-title qode-pli-title\" >\n\t\t<a itemprop=\"url\" href=\"https:\/\/www.mtb-trachten.com\/en\/product\/damen-set-rotbraun\/\">Damen Set Rotbraun &#8211; Radbekleidung<\/a>\n\t<\/h4>\n\t\t\n\t\t\t\t\n\t\t\t\t\n\t\t\t\t\n\t\t\t<div class=\"qode-pli-price\"><span class=\"woocommerce-Price-amount amount\"><bdi><span class=\"woocommerce-Price-currencySymbol\">&euro;<\/span>&nbsp;149,00<\/bdi><\/span><\/div>\n\n\t\t\t\n\t<div class=\"qode-pli-add-to-cart\">\n\t\t<a rel=\"nofollow\" href=\"https:\/\/www.mtb-trachten.com\/en\/product\/damen-set-rotbraun\/\" data-quantity=\"1\" data-product_id=\"190\" data-product_sku=\"\" class=\"product_type_variable add_to_cart_button qode-button\" data-no-translation=\"\" data-trp-gettext=\"\">Select version<\/a>\t<\/div>\t<\/div>\n<\/div><div class=\"qode-pli qode-woo-image-normal-width\">\n\t<div class=\"qode-pli-inner\">\n\t\t<div class=\"qode-pli-image\">\n\t\t\t\n\n<img decoding=\"async\" width=\"570\" height=\"570\" src=\"https:\/\/www.mtb-trachten.com\/wp-content\/uploads\/2020\/08\/Radbekleidung_Damen_Rot_braun_Trikot-570x570.jpg\" class=\"attachment-portfolio-square size-portfolio-square wp-post-image\" alt=\"Radbekleidung Damen Rot braun Trikot\" srcset=\"https:\/\/www.mtb-trachten.com\/wp-content\/uploads\/2020\/08\/Radbekleidung_Damen_Rot_braun_Trikot-570x570.jpg 570w, https:\/\/www.mtb-trachten.com\/wp-content\/uploads\/2020\/08\/Radbekleidung_Damen_Rot_braun_Trikot-scaled-300x300.jpg 300w, https:\/\/www.mtb-trachten.com\/wp-content\/uploads\/2020\/08\/Radbekleidung_Damen_Rot_braun_Trikot-scaled-100x100.jpg 100w, https:\/\/www.mtb-trachten.com\/wp-content\/uploads\/2020\/08\/Radbekleidung_Damen_Rot_braun_Trikot-150x150.jpg 150w, https:\/\/www.mtb-trachten.com\/wp-content\/uploads\/2020\/08\/Radbekleidung_Damen_Rot_braun_Trikot-400x400.jpg 400w, https:\/\/www.mtb-trachten.com\/wp-content\/uploads\/2020\/08\/Radbekleidung_Damen_Rot_braun_Trikot-500x500.jpg 500w, https:\/\/www.mtb-trachten.com\/wp-content\/uploads\/2020\/08\/Radbekleidung_Damen_Rot_braun_Trikot-1000x1000.jpg 1000w\" sizes=\"(max-width: 570px) 100vw, 570px\" \/>\t\t<\/div>\n\t\t<div class=\"qode-pli-text\">\n\t\t\t<div class=\"qode-pli-text-outer\">\n\t\t\t\t<div class=\"qode-pli-text-inner\">\n\t\t\t\t\t\t\t\t\t<\/div>\n\t\t\t<\/div>\n\t\t<\/div>\n\t\t<a class=\"qode-pli-link\" itemprop=\"url\" href=\"https:\/\/www.mtb-trachten.com\/en\/product\/damen-trikot-rotbraun\/\" title=\"Damen Trikot Rotbraun &#8211; Radbekleidung\"><\/a>\n\t<\/div>\n\t<div class=\"qode-pli-text-wrapper\" >\n\t\t    <h4 itemprop=\"name\" class=\"entry-title qode-pli-title\" >\n\t\t<a itemprop=\"url\" href=\"https:\/\/www.mtb-trachten.com\/en\/product\/damen-trikot-rotbraun\/\">Damen Trikot Rotbraun &#8211; Radbekleidung<\/a>\n\t<\/h4>\n\t\t\n\t\t\t\t\n\t\t\t\t\n\t\t\t\t\n\t\t\t<div class=\"qode-pli-price\"><span class=\"woocommerce-Price-amount amount\"><bdi><span class=\"woocommerce-Price-currencySymbol\">&euro;<\/span>&nbsp;84,00<\/bdi><\/span><\/div>\n\n\t\t\t\n\t<div class=\"qode-pli-add-to-cart\">\n\t\t<a rel=\"nofollow\" href=\"https:\/\/www.mtb-trachten.com\/en\/product\/damen-trikot-rotbraun\/\" data-quantity=\"1\" data-product_id=\"198\" data-product_sku=\"\" class=\"product_type_variable add_to_cart_button qode-button\" data-no-translation=\"\" data-trp-gettext=\"\">Select version<\/a>\t<\/div>\t<\/div>\n<\/div><div class=\"qode-pli qode-woo-image-normal-width\">\n\t<div class=\"qode-pli-inner\">\n\t\t<div class=\"qode-pli-image\">\n\t\t\t\n\n<img decoding=\"async\" width=\"570\" height=\"570\" src=\"https:\/\/www.mtb-trachten.com\/wp-content\/uploads\/2020\/08\/Radbekleidung_Damen_Rot_braun_Hose-1-570x570.jpg\" class=\"attachment-portfolio-square size-portfolio-square wp-post-image\" alt=\"Radbekleidung Damen Rot braun Hose\" srcset=\"https:\/\/www.mtb-trachten.com\/wp-content\/uploads\/2020\/08\/Radbekleidung_Damen_Rot_braun_Hose-1-570x570.jpg 570w, https:\/\/www.mtb-trachten.com\/wp-content\/uploads\/2020\/08\/Radbekleidung_Damen_Rot_braun_Hose-1-scaled-300x300.jpg 300w, https:\/\/www.mtb-trachten.com\/wp-content\/uploads\/2020\/08\/Radbekleidung_Damen_Rot_braun_Hose-1-scaled-100x100.jpg 100w, https:\/\/www.mtb-trachten.com\/wp-content\/uploads\/2020\/08\/Radbekleidung_Damen_Rot_braun_Hose-1-150x150.jpg 150w, https:\/\/www.mtb-trachten.com\/wp-content\/uploads\/2020\/08\/Radbekleidung_Damen_Rot_braun_Hose-1-400x400.jpg 400w, https:\/\/www.mtb-trachten.com\/wp-content\/uploads\/2020\/08\/Radbekleidung_Damen_Rot_braun_Hose-1-500x500.jpg 500w, https:\/\/www.mtb-trachten.com\/wp-content\/uploads\/2020\/08\/Radbekleidung_Damen_Rot_braun_Hose-1-1000x1000.jpg 1000w\" sizes=\"(max-width: 570px) 100vw, 570px\" \/>\t\t<\/div>\n\t\t<div class=\"qode-pli-text\">\n\t\t\t<div class=\"qode-pli-text-outer\">\n\t\t\t\t<div class=\"qode-pli-text-inner\">\n\t\t\t\t\t\t\t\t\t<\/div>\n\t\t\t<\/div>\n\t\t<\/div>\n\t\t<a class=\"qode-pli-link\" itemprop=\"url\" href=\"https:\/\/www.mtb-trachten.com\/en\/product\/damen-hose-rotbraun-2\/\" title=\"Damen Hose Rotbraun &#8211; Radbekleidung\"><\/a>\n\t<\/div>\n\t<div class=\"qode-pli-text-wrapper\" >\n\t\t    <h4 itemprop=\"name\" class=\"entry-title qode-pli-title\" >\n\t\t<a itemprop=\"url\" href=\"https:\/\/www.mtb-trachten.com\/en\/product\/damen-hose-rotbraun-2\/\">Damen Hose Rotbraun &#8211; Radbekleidung<\/a>\n\t<\/h4>\n\t\t\n\t\t\t\t\n\t\t\t\t\n\t\t\t\t\n\t\t\t<div class=\"qode-pli-price\"><span class=\"woocommerce-Price-amount amount\"><bdi><span class=\"woocommerce-Price-currencySymbol\">&euro;<\/span>&nbsp;74,00<\/bdi><\/span><\/div>\n\n\t\t\t\n\t<div class=\"qode-pli-add-to-cart\">\n\t\t<a rel=\"nofollow\" href=\"https:\/\/www.mtb-trachten.com\/en\/product\/damen-hose-rotbraun-2\/\" data-quantity=\"1\" data-product_id=\"177\" data-product_sku=\"\" class=\"product_type_variable add_to_cart_button qode-button\" data-no-translation=\"\" data-trp-gettext=\"\">Select version<\/a>\t<\/div>\t<\/div>\n<\/div>        <\/div>\n    <\/div>\t\t\t\t<\/div>\n\t\t\t\t<\/div>\n\t\t\t\t\t<\/div>\n\t\t<\/div>\n\t\t\t\t\t<\/div>\n\t\t<\/section>\n\t\t\t\t<section data-q_id=\"#gruenlila\" class=\"elementor-section elementor-top-section elementor-element elementor-element-f999bb4 elementor-section-boxed elementor-section-height-default elementor-section-height-default parallax_section_no qode_elementor_container_no\" data-id=\"f999bb4\" data-element_type=\"section\" data-e-type=\"section\">\n\t\t\t\t\t\t<div class=\"elementor-container elementor-column-gap-default\">\n\t\t\t\t\t<div class=\"elementor-column elementor-col-100 elementor-top-column elementor-element elementor-element-458f097\" data-id=\"458f097\" data-element_type=\"column\" data-e-type=\"column\">\n\t\t\t<div class=\"elementor-widget-wrap elementor-element-populated\">\n\t\t\t\t\t\t<div class=\"elementor-element elementor-element-9a543c8 elementor-widget elementor-widget-heading\" data-id=\"9a543c8\" data-element_type=\"widget\" data-e-type=\"widget\" data-widget_type=\"heading.default\">\n\t\t\t\t<div class=\"elementor-widget-container\">\n\t\t\t\t\t<h3 class=\"elementor-heading-title elementor-size-default\">Green purple<\/h3>\t\t\t\t<\/div>\n\t\t\t\t<\/div>\n\t\t\t\t<div class=\"elementor-element elementor-element-9ee8584 elementor-widget elementor-widget-bridge_product_list\" data-id=\"9ee8584\" data-element_type=\"widget\" data-e-type=\"widget\" data-widget_type=\"bridge_product_list.default\">\n\t\t\t\t<div class=\"elementor-widget-container\">\n\t\t\t\t\t<div class=\"qode-pl-holder qode-standard-layout qode-normal-space qode-three-columns qode-info-below-image\"  data-info-position=\"info-below-image\" data-number-of-posts=\"3\" data-number-of-columns=\"3\" data-taxonomy-values=\"Damen\/Radbekleidung\/Gruenlilad\" data-display-rating=\"no\" data-excerpt-length=\"\" data-order=\"DESC\" data-type=\"standard\" data-space-between-items=\"normal\" data-show-ordering-filter=\"no\" data-price-range=\"\" data-orderby=\"date\" data-show-category-filter=\"no\" data-category-values=\"\" data-show-all-item-in-filter=\"\" data-taxonomy-to-display=\"category\" data-display-title=\"yes\" data-display-category=\"no\" data-display-excerpt=\"no\" data-display-price=\"yes\" data-product-info-skin=\"\" data-product-info-hover-skin=\"\" data-title-tag=\"h4\">\n\t                        <div class=\"qode-prl-loading\">\n            <span class=\"qode-prl-loading-msg\">Loading...<\/span>\n        <\/div>\n        <div class=\"qode-pl-outer\">\n            <div class=\"qode-pli qode-woo-image-normal-width\">\n\t<div class=\"qode-pli-inner\">\n\t\t<div class=\"qode-pli-image\">\n\t\t\t\n\n<img loading=\"lazy\" decoding=\"async\" width=\"300\" height=\"300\" src=\"https:\/\/www.mtb-trachten.com\/wp-content\/uploads\/2020\/08\/Radbekleidung-Damen-gr\u00fcn-lila-Set-1-300x300.jpg\" class=\"attachment-shop_catalog size-shop_catalog wp-post-image\" alt=\"Radbekleidung Damen gr\u00fcn-lila Set\" srcset=\"https:\/\/www.mtb-trachten.com\/wp-content\/uploads\/2020\/08\/Radbekleidung-Damen-gr\u00fcn-lila-Set-1-300x300.jpg 300w, https:\/\/www.mtb-trachten.com\/wp-content\/uploads\/2020\/08\/Radbekleidung-Damen-gr\u00fcn-lila-Set-1-100x100.jpg 100w, https:\/\/www.mtb-trachten.com\/wp-content\/uploads\/2020\/08\/Radbekleidung-Damen-gr\u00fcn-lila-Set-1-150x150.jpg 150w, https:\/\/www.mtb-trachten.com\/wp-content\/uploads\/2020\/08\/Radbekleidung-Damen-gr\u00fcn-lila-Set-1-400x400.jpg 400w, https:\/\/www.mtb-trachten.com\/wp-content\/uploads\/2020\/08\/Radbekleidung-Damen-gr\u00fcn-lila-Set-1-570x570.jpg 570w, https:\/\/www.mtb-trachten.com\/wp-content\/uploads\/2020\/08\/Radbekleidung-Damen-gr\u00fcn-lila-Set-1-500x500.jpg 500w, https:\/\/www.mtb-trachten.com\/wp-content\/uploads\/2020\/08\/Radbekleidung-Damen-gr\u00fcn-lila-Set-1-1000x1000.jpg 1000w\" sizes=\"(max-width: 300px) 100vw, 300px\" \/>\t\t<\/div>\n\t\t<div class=\"qode-pli-text\">\n\t\t\t<div class=\"qode-pli-text-outer\">\n\t\t\t\t<div class=\"qode-pli-text-inner\">\n\t\t\t\t\t\t\t\t\t<\/div>\n\t\t\t<\/div>\n\t\t<\/div>\n\t\t<a class=\"qode-pli-link\" itemprop=\"url\" href=\"https:\/\/www.mtb-trachten.com\/en\/product\/damen-set-gruen-lila\/\" title=\"Damen Set Gr\u00fcn-Lila &#8211; Radbekleidung\"><\/a>\n\t<\/div>\n\t<div class=\"qode-pli-text-wrapper\" >\n\t\t    <h4 itemprop=\"name\" class=\"entry-title qode-pli-title\" >\n\t\t<a itemprop=\"url\" href=\"https:\/\/www.mtb-trachten.com\/en\/product\/damen-set-gruen-lila\/\">Damen Set Gr\u00fcn-Lila &#8211; Radbekleidung<\/a>\n\t<\/h4>\n\t\t\n\t\t\t\t\n\t\t\t\t\n\t\t\t\t\n\t\t\t<div class=\"qode-pli-price\"><span class=\"woocommerce-Price-amount amount\"><bdi><span class=\"woocommerce-Price-currencySymbol\">&euro;<\/span>&nbsp;149,00<\/bdi><\/span><\/div>\n\n\t\t\t\n\t<div class=\"qode-pli-add-to-cart\">\n\t\t<a rel=\"nofollow\" href=\"https:\/\/www.mtb-trachten.com\/en\/product\/damen-set-gruen-lila\/\" data-quantity=\"1\" data-product_id=\"188\" data-product_sku=\"\" class=\"product_type_variable add_to_cart_button qode-button\" data-no-translation=\"\" data-trp-gettext=\"\">Select version<\/a>\t<\/div>\t<\/div>\n<\/div><div class=\"qode-pli qode-woo-image-normal-width\">\n\t<div class=\"qode-pli-inner\">\n\t\t<div class=\"qode-pli-image\">\n\t\t\t\n\n<img loading=\"lazy\" decoding=\"async\" width=\"300\" height=\"300\" src=\"https:\/\/www.mtb-trachten.com\/wp-content\/uploads\/2020\/08\/Radbekleidung-Damen-gr\u00fcn-lila-Hose-1-300x300.jpg\" class=\"attachment-shop_catalog size-shop_catalog wp-post-image\" alt=\"Radbekleidung Damen gr\u00fcn-lila Hose\" srcset=\"https:\/\/www.mtb-trachten.com\/wp-content\/uploads\/2020\/08\/Radbekleidung-Damen-gr\u00fcn-lila-Hose-1-300x300.jpg 300w, https:\/\/www.mtb-trachten.com\/wp-content\/uploads\/2020\/08\/Radbekleidung-Damen-gr\u00fcn-lila-Hose-1-100x100.jpg 100w, https:\/\/www.mtb-trachten.com\/wp-content\/uploads\/2020\/08\/Radbekleidung-Damen-gr\u00fcn-lila-Hose-1-150x150.jpg 150w, https:\/\/www.mtb-trachten.com\/wp-content\/uploads\/2020\/08\/Radbekleidung-Damen-gr\u00fcn-lila-Hose-1-400x400.jpg 400w, https:\/\/www.mtb-trachten.com\/wp-content\/uploads\/2020\/08\/Radbekleidung-Damen-gr\u00fcn-lila-Hose-1-570x570.jpg 570w, https:\/\/www.mtb-trachten.com\/wp-content\/uploads\/2020\/08\/Radbekleidung-Damen-gr\u00fcn-lila-Hose-1-500x500.jpg 500w, https:\/\/www.mtb-trachten.com\/wp-content\/uploads\/2020\/08\/Radbekleidung-Damen-gr\u00fcn-lila-Hose-1-1000x1000.jpg 1000w\" sizes=\"(max-width: 300px) 100vw, 300px\" \/>\t\t<\/div>\n\t\t<div class=\"qode-pli-text\">\n\t\t\t<div class=\"qode-pli-text-outer\">\n\t\t\t\t<div class=\"qode-pli-text-inner\">\n\t\t\t\t\t\t\t\t\t<\/div>\n\t\t\t<\/div>\n\t\t<\/div>\n\t\t<a class=\"qode-pli-link\" itemprop=\"url\" href=\"https:\/\/www.mtb-trachten.com\/en\/product\/damen-trikot-gruen-lila\/\" title=\"Damen Trikot Gr\u00fcn-Lila &#8211; Radbekleidung\"><\/a>\n\t<\/div>\n\t<div class=\"qode-pli-text-wrapper\" >\n\t\t    <h4 itemprop=\"name\" class=\"entry-title qode-pli-title\" >\n\t\t<a itemprop=\"url\" href=\"https:\/\/www.mtb-trachten.com\/en\/product\/damen-trikot-gruen-lila\/\">Damen Trikot Gr\u00fcn-Lila &#8211; Radbekleidung<\/a>\n\t<\/h4>\n\t\t\n\t\t\t\t\n\t\t\t\t\n\t\t\t\t\n\t\t\t<div class=\"qode-pli-price\"><span class=\"woocommerce-Price-amount amount\"><bdi><span class=\"woocommerce-Price-currencySymbol\">&euro;<\/span>&nbsp;84,00<\/bdi><\/span><\/div>\n\n\t\t\t\n\t<div class=\"qode-pli-add-to-cart\">\n\t\t<a rel=\"nofollow\" href=\"https:\/\/www.mtb-trachten.com\/en\/product\/damen-trikot-gruen-lila\/\" data-quantity=\"1\" data-product_id=\"194\" data-product_sku=\"\" class=\"product_type_variable add_to_cart_button qode-button\" data-no-translation=\"\" data-trp-gettext=\"\">Select version<\/a>\t<\/div>\t<\/div>\n<\/div><div class=\"qode-pli qode-woo-image-normal-width\">\n\t<div class=\"qode-pli-inner\">\n\t\t<div class=\"qode-pli-image\">\n\t\t\t\n\n<img loading=\"lazy\" decoding=\"async\" width=\"300\" height=\"300\" src=\"https:\/\/www.mtb-trachten.com\/wp-content\/uploads\/2020\/08\/Radbekleidung-Damen-gr\u00fcn-lila-Hose-2-300x300.jpg\" class=\"attachment-shop_catalog size-shop_catalog wp-post-image\" alt=\"Radbekleidung Damen gr\u00fcn-lila Hose\" srcset=\"https:\/\/www.mtb-trachten.com\/wp-content\/uploads\/2020\/08\/Radbekleidung-Damen-gr\u00fcn-lila-Hose-2-300x300.jpg 300w, https:\/\/www.mtb-trachten.com\/wp-content\/uploads\/2020\/08\/Radbekleidung-Damen-gr\u00fcn-lila-Hose-2-100x100.jpg 100w, https:\/\/www.mtb-trachten.com\/wp-content\/uploads\/2020\/08\/Radbekleidung-Damen-gr\u00fcn-lila-Hose-2-150x150.jpg 150w, https:\/\/www.mtb-trachten.com\/wp-content\/uploads\/2020\/08\/Radbekleidung-Damen-gr\u00fcn-lila-Hose-2-400x400.jpg 400w, https:\/\/www.mtb-trachten.com\/wp-content\/uploads\/2020\/08\/Radbekleidung-Damen-gr\u00fcn-lila-Hose-2-570x570.jpg 570w, https:\/\/www.mtb-trachten.com\/wp-content\/uploads\/2020\/08\/Radbekleidung-Damen-gr\u00fcn-lila-Hose-2-500x500.jpg 500w, https:\/\/www.mtb-trachten.com\/wp-content\/uploads\/2020\/08\/Radbekleidung-Damen-gr\u00fcn-lila-Hose-2-1000x1000.jpg 1000w\" sizes=\"(max-width: 300px) 100vw, 300px\" \/>\t\t<\/div>\n\t\t<div class=\"qode-pli-text\">\n\t\t\t<div class=\"qode-pli-text-outer\">\n\t\t\t\t<div class=\"qode-pli-text-inner\">\n\t\t\t\t\t\t\t\t\t<\/div>\n\t\t\t<\/div>\n\t\t<\/div>\n\t\t<a class=\"qode-pli-link\" itemprop=\"url\" href=\"https:\/\/www.mtb-trachten.com\/en\/product\/damen-hose-gruen-lila\/\" title=\"Damen Hose gr\u00fcn-lila &#8211; Radbekleidung\"><\/a>\n\t<\/div>\n\t<div class=\"qode-pli-text-wrapper\" >\n\t\t    <h4 itemprop=\"name\" class=\"entry-title qode-pli-title\" >\n\t\t<a itemprop=\"url\" href=\"https:\/\/www.mtb-trachten.com\/en\/product\/damen-hose-gruen-lila\/\">Damen Hose gr\u00fcn-lila &#8211; Radbekleidung<\/a>\n\t<\/h4>\n\t\t\n\t\t\t\t\n\t\t\t\t\n\t\t\t\t\n\t\t\t<div class=\"qode-pli-price\"><span class=\"woocommerce-Price-amount amount\"><bdi><span class=\"woocommerce-Price-currencySymbol\">&euro;<\/span>&nbsp;74,00<\/bdi><\/span><\/div>\n\n\t\t\t\n\t<div class=\"qode-pli-add-to-cart\">\n\t\t<a rel=\"nofollow\" href=\"https:\/\/www.mtb-trachten.com\/en\/product\/damen-hose-gruen-lila\/\" data-quantity=\"1\" data-product_id=\"170\" data-product_sku=\"\" class=\"product_type_variable add_to_cart_button qode-button\" data-no-translation=\"\" data-trp-gettext=\"\">Select version<\/a>\t<\/div>\t<\/div>\n<\/div>        <\/div>\n    <\/div>\t\t\t\t<\/div>\n\t\t\t\t<\/div>\n\t\t\t\t\t<\/div>\n\t\t<\/div>\n\t\t\t\t\t<\/div>\n\t\t<\/section>\n\t\t\t\t<section data-q_id=\"#jean\" class=\"elementor-section elementor-top-section elementor-element elementor-element-c1131c5 elementor-section-boxed elementor-section-height-default elementor-section-height-default parallax_section_no qode_elementor_container_no\" data-id=\"c1131c5\" data-element_type=\"section\" data-e-type=\"section\">\n\t\t\t\t\t\t<div class=\"elementor-container elementor-column-gap-default\">\n\t\t\t\t\t<div class=\"elementor-column elementor-col-100 elementor-top-column elementor-element elementor-element-2e1d842\" data-id=\"2e1d842\" data-element_type=\"column\" data-e-type=\"column\">\n\t\t\t<div class=\"elementor-widget-wrap elementor-element-populated\">\n\t\t\t\t\t\t<div class=\"elementor-element elementor-element-64201b1 elementor-widget elementor-widget-heading\" data-id=\"64201b1\" data-element_type=\"widget\" data-e-type=\"widget\" data-widget_type=\"heading.default\">\n\t\t\t\t<div class=\"elementor-widget-container\">\n\t\t\t\t\t<h3 class=\"elementor-heading-title elementor-size-default\">Jeans<\/h3>\t\t\t\t<\/div>\n\t\t\t\t<\/div>\n\t\t\t\t<div class=\"elementor-element elementor-element-dd66672 elementor-widget elementor-widget-bridge_product_list\" data-id=\"dd66672\" data-element_type=\"widget\" data-e-type=\"widget\" data-widget_type=\"bridge_product_list.default\">\n\t\t\t\t<div class=\"elementor-widget-container\">\n\t\t\t\t\t<div class=\"qode-pl-holder qode-standard-layout qode-normal-space qode-three-columns qode-info-below-image\"  data-info-position=\"info-below-image\" data-number-of-posts=\"3\" data-number-of-columns=\"3\" data-taxonomy-values=\"Damen\/Radbekleidung\/Jeansd\" data-display-rating=\"no\" data-excerpt-length=\"\" data-order=\"DESC\" data-type=\"standard\" data-space-between-items=\"normal\" data-show-ordering-filter=\"no\" data-price-range=\"\" data-orderby=\"date\" data-show-category-filter=\"no\" data-category-values=\"\" data-show-all-item-in-filter=\"\" data-taxonomy-to-display=\"category\" data-display-title=\"yes\" data-display-category=\"no\" data-display-excerpt=\"no\" data-display-price=\"yes\" data-product-info-skin=\"\" data-product-info-hover-skin=\"\" data-title-tag=\"h4\">\n\t                        <div class=\"qode-prl-loading\">\n            <span class=\"qode-prl-loading-msg\">Loading...<\/span>\n        <\/div>\n        <div class=\"qode-pl-outer\">\n            <div class=\"qode-pli qode-woo-image-normal-width\">\n\t<div class=\"qode-pli-inner\">\n\t\t<div class=\"qode-pli-image\">\n\t\t\t\n\n<img loading=\"lazy\" decoding=\"async\" width=\"300\" height=\"300\" src=\"https:\/\/www.mtb-trachten.com\/wp-content\/uploads\/2020\/08\/Radbekleidung-Damen-Jeans-Hose-2-300x300.jpg\" class=\"attachment-shop_catalog size-shop_catalog wp-post-image\" alt=\"Radbekleidung Damen Jeans Hose\" srcset=\"https:\/\/www.mtb-trachten.com\/wp-content\/uploads\/2020\/08\/Radbekleidung-Damen-Jeans-Hose-2-300x300.jpg 300w, https:\/\/www.mtb-trachten.com\/wp-content\/uploads\/2020\/08\/Radbekleidung-Damen-Jeans-Hose-2-100x100.jpg 100w, https:\/\/www.mtb-trachten.com\/wp-content\/uploads\/2020\/08\/Radbekleidung-Damen-Jeans-Hose-2-150x150.jpg 150w, https:\/\/www.mtb-trachten.com\/wp-content\/uploads\/2020\/08\/Radbekleidung-Damen-Jeans-Hose-2-400x400.jpg 400w, https:\/\/www.mtb-trachten.com\/wp-content\/uploads\/2020\/08\/Radbekleidung-Damen-Jeans-Hose-2-500x500.jpg 500w\" sizes=\"(max-width: 300px) 100vw, 300px\" \/>\t\t<\/div>\n\t\t<div class=\"qode-pli-text\">\n\t\t\t<div class=\"qode-pli-text-outer\">\n\t\t\t\t<div class=\"qode-pli-text-inner\">\n\t\t\t\t\t\t\t\t\t<\/div>\n\t\t\t<\/div>\n\t\t<\/div>\n\t\t<a class=\"qode-pli-link\" itemprop=\"url\" href=\"https:\/\/www.mtb-trachten.com\/en\/product\/damen-set-jeans\/\" title=\"Damen Set Jeans &#8211; Radbekleidung\"><\/a>\n\t<\/div>\n\t<div class=\"qode-pli-text-wrapper\" >\n\t\t    <h4 itemprop=\"name\" class=\"entry-title qode-pli-title\" >\n\t\t<a itemprop=\"url\" href=\"https:\/\/www.mtb-trachten.com\/en\/product\/damen-set-jeans\/\">Damen Set Jeans &#8211; Radbekleidung<\/a>\n\t<\/h4>\n\t\t\n\t\t\t\t\n\t\t\t\t\n\t\t\t\t\n\t\t\t<div class=\"qode-pli-price\"><span class=\"woocommerce-Price-amount amount\"><bdi><span class=\"woocommerce-Price-currencySymbol\">&euro;<\/span>&nbsp;149,00<\/bdi><\/span><\/div>\n\n\t\t\t\n\t<div class=\"qode-pli-add-to-cart\">\n\t\t<a rel=\"nofollow\" href=\"https:\/\/www.mtb-trachten.com\/en\/product\/damen-set-jeans\/\" data-quantity=\"1\" data-product_id=\"189\" data-product_sku=\"\" class=\"product_type_variable add_to_cart_button qode-button\" data-no-translation=\"\" data-trp-gettext=\"\">Select version<\/a>\t<\/div>\t<\/div>\n<\/div><div class=\"qode-pli qode-woo-image-normal-width\">\n\t<div class=\"qode-pli-inner\">\n\t\t<div class=\"qode-pli-image\">\n\t\t\t\n\n<img loading=\"lazy\" decoding=\"async\" width=\"300\" height=\"300\" src=\"https:\/\/www.mtb-trachten.com\/wp-content\/uploads\/2020\/08\/Radbekleidung-Damen-Jeans-Trikot-2-300x300.jpg\" class=\"attachment-shop_catalog size-shop_catalog wp-post-image\" alt=\"Radbekleidung Damen Jeans Trikot\" srcset=\"https:\/\/www.mtb-trachten.com\/wp-content\/uploads\/2020\/08\/Radbekleidung-Damen-Jeans-Trikot-2-300x300.jpg 300w, https:\/\/www.mtb-trachten.com\/wp-content\/uploads\/2020\/08\/Radbekleidung-Damen-Jeans-Trikot-2-100x100.jpg 100w, https:\/\/www.mtb-trachten.com\/wp-content\/uploads\/2020\/08\/Radbekleidung-Damen-Jeans-Trikot-2-150x150.jpg 150w, https:\/\/www.mtb-trachten.com\/wp-content\/uploads\/2020\/08\/Radbekleidung-Damen-Jeans-Trikot-2-400x400.jpg 400w, https:\/\/www.mtb-trachten.com\/wp-content\/uploads\/2020\/08\/Radbekleidung-Damen-Jeans-Trikot-2-500x500.jpg 500w\" sizes=\"(max-width: 300px) 100vw, 300px\" \/>\t\t<\/div>\n\t\t<div class=\"qode-pli-text\">\n\t\t\t<div class=\"qode-pli-text-outer\">\n\t\t\t\t<div class=\"qode-pli-text-inner\">\n\t\t\t\t\t\t\t\t\t<\/div>\n\t\t\t<\/div>\n\t\t<\/div>\n\t\t<a class=\"qode-pli-link\" itemprop=\"url\" href=\"https:\/\/www.mtb-trachten.com\/en\/product\/damen-trikot-jeans\/\" title=\"Damen Trikot Jeans &#8211; Radbekleidung\"><\/a>\n\t<\/div>\n\t<div class=\"qode-pli-text-wrapper\" >\n\t\t    <h4 itemprop=\"name\" class=\"entry-title qode-pli-title\" >\n\t\t<a itemprop=\"url\" href=\"https:\/\/www.mtb-trachten.com\/en\/product\/damen-trikot-jeans\/\">Damen Trikot Jeans &#8211; Radbekleidung<\/a>\n\t<\/h4>\n\t\t\n\t\t\t\t\n\t\t\t\t\n\t\t\t\t\n\t\t\t<div class=\"qode-pli-price\"><span class=\"woocommerce-Price-amount amount\"><bdi><span class=\"woocommerce-Price-currencySymbol\">&euro;<\/span>&nbsp;84,00<\/bdi><\/span><\/div>\n\n\t\t\t\n\t<div class=\"qode-pli-add-to-cart\">\n\t\t<a rel=\"nofollow\" href=\"https:\/\/www.mtb-trachten.com\/en\/product\/damen-trikot-jeans\/\" data-quantity=\"1\" data-product_id=\"197\" data-product_sku=\"\" class=\"product_type_variable add_to_cart_button qode-button\" data-no-translation=\"\" data-trp-gettext=\"\">Select version<\/a>\t<\/div>\t<\/div>\n<\/div><div class=\"qode-pli qode-woo-image-normal-width\">\n\t<div class=\"qode-pli-inner\">\n\t\t<div class=\"qode-pli-image\">\n\t\t\t\n\n<img loading=\"lazy\" decoding=\"async\" width=\"300\" height=\"300\" src=\"https:\/\/www.mtb-trachten.com\/wp-content\/uploads\/2020\/08\/Radbekleidung-Damen-Jeans-Hose-2-1-300x300.jpg\" class=\"attachment-shop_catalog size-shop_catalog wp-post-image\" alt=\"Radbekleidung Damen Jeans Hose\" srcset=\"https:\/\/www.mtb-trachten.com\/wp-content\/uploads\/2020\/08\/Radbekleidung-Damen-Jeans-Hose-2-1-300x300.jpg 300w, https:\/\/www.mtb-trachten.com\/wp-content\/uploads\/2020\/08\/Radbekleidung-Damen-Jeans-Hose-2-1-100x100.jpg 100w, https:\/\/www.mtb-trachten.com\/wp-content\/uploads\/2020\/08\/Radbekleidung-Damen-Jeans-Hose-2-1-150x150.jpg 150w, https:\/\/www.mtb-trachten.com\/wp-content\/uploads\/2020\/08\/Radbekleidung-Damen-Jeans-Hose-2-1-400x400.jpg 400w, https:\/\/www.mtb-trachten.com\/wp-content\/uploads\/2020\/08\/Radbekleidung-Damen-Jeans-Hose-2-1-500x500.jpg 500w\" sizes=\"(max-width: 300px) 100vw, 300px\" \/>\t\t<\/div>\n\t\t<div class=\"qode-pli-text\">\n\t\t\t<div class=\"qode-pli-text-outer\">\n\t\t\t\t<div class=\"qode-pli-text-inner\">\n\t\t\t\t\t\t\t\t\t<\/div>\n\t\t\t<\/div>\n\t\t<\/div>\n\t\t<a class=\"qode-pli-link\" itemprop=\"url\" href=\"https:\/\/www.mtb-trachten.com\/en\/product\/damen-hose-jeans\/\" title=\"Damen Hose Jeans &#8211; Radbekleidung\"><\/a>\n\t<\/div>\n\t<div class=\"qode-pli-text-wrapper\" >\n\t\t    <h4 itemprop=\"name\" class=\"entry-title qode-pli-title\" >\n\t\t<a itemprop=\"url\" href=\"https:\/\/www.mtb-trachten.com\/en\/product\/damen-hose-jeans\/\">Damen Hose Jeans &#8211; Radbekleidung<\/a>\n\t<\/h4>\n\t\t\n\t\t\t\t\n\t\t\t\t\n\t\t\t\t\n\t\t\t<div class=\"qode-pli-price\"><span class=\"woocommerce-Price-amount amount\"><bdi><span class=\"woocommerce-Price-currencySymbol\">&euro;<\/span>&nbsp;74,00<\/bdi><\/span><\/div>\n\n\t\t\t\n\t<div class=\"qode-pli-add-to-cart\">\n\t\t<a rel=\"nofollow\" href=\"https:\/\/www.mtb-trachten.com\/en\/product\/damen-hose-jeans\/\" data-quantity=\"1\" data-product_id=\"172\" data-product_sku=\"\" class=\"product_type_variable add_to_cart_button qode-button\" data-no-translation=\"\" data-trp-gettext=\"\">Select version<\/a>\t<\/div>\t<\/div>\n<\/div>        <\/div>\n    <\/div>\t\t\t\t<\/div>\n\t\t\t\t<\/div>\n\t\t\t\t\t<\/div>\n\t\t<\/div>\n\t\t\t\t\t<\/div>\n\t\t<\/section>\n\t\t\t\t<section data-q_id=\"#freeride\" class=\"elementor-section elementor-top-section elementor-element elementor-element-a710673 elementor-section-boxed elementor-section-height-default elementor-section-height-default parallax_section_no qode_elementor_container_no\" data-id=\"a710673\" data-element_type=\"section\" data-e-type=\"section\">\n\t\t\t\t\t\t<div class=\"elementor-container elementor-column-gap-default\">\n\t\t\t\t\t<div class=\"elementor-column elementor-col-100 elementor-top-column elementor-element elementor-element-194f5d4\" data-id=\"194f5d4\" data-element_type=\"column\" data-e-type=\"column\">\n\t\t\t<div class=\"elementor-widget-wrap elementor-element-populated\">\n\t\t\t\t\t\t<div class=\"elementor-element elementor-element-fc9ff28 elementor-widget elementor-widget-heading\" data-id=\"fc9ff28\" data-element_type=\"widget\" data-e-type=\"widget\" data-widget_type=\"heading.default\">\n\t\t\t\t<div class=\"elementor-widget-container\">\n\t\t\t\t\t<h3 class=\"elementor-heading-title elementor-size-default\">Freeride<\/h3>\t\t\t\t<\/div>\n\t\t\t\t<\/div>\n\t\t\t\t<div class=\"elementor-element elementor-element-b4e2f4a elementor-widget elementor-widget-bridge_product_list\" data-id=\"b4e2f4a\" data-element_type=\"widget\" data-e-type=\"widget\" data-widget_type=\"bridge_product_list.default\">\n\t\t\t\t<div class=\"elementor-widget-container\">\n\t\t\t\t\t<div class=\"qode-pl-holder qode-standard-layout qode-normal-space qode-three-columns qode-info-below-image\"  data-info-position=\"info-below-image\" data-number-of-posts=\"3\" data-number-of-columns=\"3\" data-taxonomy-values=\"Damen\/Radbekleidung\/Freerided\" data-display-rating=\"no\" data-excerpt-length=\"\" data-order=\"DESC\" data-type=\"standard\" data-space-between-items=\"normal\" data-show-ordering-filter=\"no\" data-price-range=\"\" data-orderby=\"date\" data-show-category-filter=\"no\" data-category-values=\"\" data-show-all-item-in-filter=\"\" data-taxonomy-to-display=\"category\" data-display-title=\"yes\" data-display-category=\"no\" data-display-excerpt=\"no\" data-display-price=\"yes\" data-product-info-skin=\"\" data-product-info-hover-skin=\"\" data-title-tag=\"h4\">\n\t                        <div class=\"qode-prl-loading\">\n            <span class=\"qode-prl-loading-msg\">Loading...<\/span>\n        <\/div>\n        <div class=\"qode-pl-outer\">\n            <div class=\"qode-pli qode-woo-image-normal-width\">\n\t<div class=\"qode-pli-inner\">\n\t\t<div class=\"qode-pli-image\">\n\t\t\t\n\n<img loading=\"lazy\" decoding=\"async\" width=\"300\" height=\"300\" src=\"https:\/\/www.mtb-trachten.com\/wp-content\/uploads\/2020\/08\/Radbekleidung-Damen-Freeride-Set-2-300x300.jpg\" class=\"attachment-shop_catalog size-shop_catalog wp-post-image\" alt=\"Radbekleidung Damen Freeride Set\" srcset=\"https:\/\/www.mtb-trachten.com\/wp-content\/uploads\/2020\/08\/Radbekleidung-Damen-Freeride-Set-2-300x300.jpg 300w, https:\/\/www.mtb-trachten.com\/wp-content\/uploads\/2020\/08\/Radbekleidung-Damen-Freeride-Set-2-100x100.jpg 100w, https:\/\/www.mtb-trachten.com\/wp-content\/uploads\/2020\/08\/Radbekleidung-Damen-Freeride-Set-2-150x150.jpg 150w, https:\/\/www.mtb-trachten.com\/wp-content\/uploads\/2020\/08\/Radbekleidung-Damen-Freeride-Set-2-400x400.jpg 400w, https:\/\/www.mtb-trachten.com\/wp-content\/uploads\/2020\/08\/Radbekleidung-Damen-Freeride-Set-2-500x500.jpg 500w\" sizes=\"(max-width: 300px) 100vw, 300px\" \/>\t\t<\/div>\n\t\t<div class=\"qode-pli-text\">\n\t\t\t<div class=\"qode-pli-text-outer\">\n\t\t\t\t<div class=\"qode-pli-text-inner\">\n\t\t\t\t\t\t\t\t\t<\/div>\n\t\t\t<\/div>\n\t\t<\/div>\n\t\t<a class=\"qode-pli-link\" itemprop=\"url\" href=\"https:\/\/www.mtb-trachten.com\/en\/product\/damen-freeride-set\/\" title=\"Damen Freeride Set &#8211; Radbekleidung\"><\/a>\n\t<\/div>\n\t<div class=\"qode-pli-text-wrapper\" >\n\t\t    <h4 itemprop=\"name\" class=\"entry-title qode-pli-title\" >\n\t\t<a itemprop=\"url\" href=\"https:\/\/www.mtb-trachten.com\/en\/product\/damen-freeride-set\/\">Damen Freeride Set &#8211; Radbekleidung<\/a>\n\t<\/h4>\n\t\t\n\t\t\t\t\n\t\t\t\t\n\t\t\t\t\n\t\t\t<div class=\"qode-pli-price\"><span class=\"woocommerce-Price-amount amount\"><bdi><span class=\"woocommerce-Price-currencySymbol\">&euro;<\/span>&nbsp;149,00<\/bdi><\/span><\/div>\n\n\t\t\t\n\t<div class=\"qode-pli-add-to-cart\">\n\t\t<a rel=\"nofollow\" href=\"https:\/\/www.mtb-trachten.com\/en\/product\/damen-freeride-set\/\" data-quantity=\"1\" data-product_id=\"364\" data-product_sku=\"\" class=\"product_type_variable add_to_cart_button qode-button\" data-no-translation=\"\" data-trp-gettext=\"\">Select version<\/a>\t<\/div>\t<\/div>\n<\/div><div class=\"qode-pli qode-woo-image-normal-width\">\n\t<div class=\"qode-pli-inner\">\n\t\t<div class=\"qode-pli-image\">\n\t\t\t\n    <span class=\"qode-pli-onsale\">SALE<\/span>\n\n<img loading=\"lazy\" decoding=\"async\" width=\"300\" height=\"300\" src=\"https:\/\/www.mtb-trachten.com\/wp-content\/uploads\/2020\/08\/Radbekleidung-Damen-Freeride-Trikot-2-300x300.jpg\" class=\"attachment-shop_catalog size-shop_catalog wp-post-image\" alt=\"Radbekleidung Damen Freeride Trikot\" srcset=\"https:\/\/www.mtb-trachten.com\/wp-content\/uploads\/2020\/08\/Radbekleidung-Damen-Freeride-Trikot-2-300x300.jpg 300w, https:\/\/www.mtb-trachten.com\/wp-content\/uploads\/2020\/08\/Radbekleidung-Damen-Freeride-Trikot-2-100x100.jpg 100w, https:\/\/www.mtb-trachten.com\/wp-content\/uploads\/2020\/08\/Radbekleidung-Damen-Freeride-Trikot-2-150x150.jpg 150w, https:\/\/www.mtb-trachten.com\/wp-content\/uploads\/2020\/08\/Radbekleidung-Damen-Freeride-Trikot-2-400x400.jpg 400w, https:\/\/www.mtb-trachten.com\/wp-content\/uploads\/2020\/08\/Radbekleidung-Damen-Freeride-Trikot-2-500x500.jpg 500w\" sizes=\"(max-width: 300px) 100vw, 300px\" \/>\t\t<\/div>\n\t\t<div class=\"qode-pli-text\">\n\t\t\t<div class=\"qode-pli-text-outer\">\n\t\t\t\t<div class=\"qode-pli-text-inner\">\n\t\t\t\t\t\t\t\t\t<\/div>\n\t\t\t<\/div>\n\t\t<\/div>\n\t\t<a class=\"qode-pli-link\" itemprop=\"url\" href=\"https:\/\/www.mtb-trachten.com\/en\/product\/damen-freeride-trikot\/\" title=\"Damen Freeride Trikot &#8211; Radbekleidung\"><\/a>\n\t<\/div>\n\t<div class=\"qode-pli-text-wrapper\" >\n\t\t    <h4 itemprop=\"name\" class=\"entry-title qode-pli-title\" >\n\t\t<a itemprop=\"url\" href=\"https:\/\/www.mtb-trachten.com\/en\/product\/damen-freeride-trikot\/\">Damen Freeride Trikot &#8211; Radbekleidung<\/a>\n\t<\/h4>\n\t\t\n\t\t\t\t\n\t\t\t\t\n\t\t\t\t\n\t\t\t<div class=\"qode-pli-price\"><span class=\"woocommerce-Price-amount amount\" aria-hidden=\"true\"><bdi><span class=\"woocommerce-Price-currencySymbol\">&euro;<\/span>&nbsp;75,00<\/bdi><\/span> <span aria-hidden=\"true\">&ndash;<\/span> <span class=\"woocommerce-Price-amount amount\" aria-hidden=\"true\"><bdi><span class=\"woocommerce-Price-currencySymbol\">&euro;<\/span>&nbsp;84,00<\/bdi><\/span><span class=\"screen-reader-text\" data-no-translation=\"\" data-trp-gettext=\"\">Price range: &euro;&nbsp;75,00 through &euro;&nbsp;84,00<\/span><\/div>\n\n\t\t\t\n\t<div class=\"qode-pli-add-to-cart\">\n\t\t<a rel=\"nofollow\" href=\"https:\/\/www.mtb-trachten.com\/en\/product\/damen-freeride-trikot\/\" data-quantity=\"1\" data-product_id=\"193\" data-product_sku=\"\" class=\"product_type_variable add_to_cart_button qode-button\" data-no-translation=\"\" data-trp-gettext=\"\">Select version<\/a>\t<\/div>\t<\/div>\n<\/div><div class=\"qode-pli qode-woo-image-normal-width\">\n\t<div class=\"qode-pli-inner\">\n\t\t<div class=\"qode-pli-image\">\n\t\t\t\n\n<img loading=\"lazy\" decoding=\"async\" width=\"300\" height=\"300\" src=\"https:\/\/www.mtb-trachten.com\/wp-content\/uploads\/2020\/08\/Radbekleidung-Damen-Freeride-Hose-2-2-300x300.jpg\" class=\"attachment-shop_catalog size-shop_catalog wp-post-image\" alt=\"Radbekleidung Damen Freeride Hose\" srcset=\"https:\/\/www.mtb-trachten.com\/wp-content\/uploads\/2020\/08\/Radbekleidung-Damen-Freeride-Hose-2-2-300x300.jpg 300w, https:\/\/www.mtb-trachten.com\/wp-content\/uploads\/2020\/08\/Radbekleidung-Damen-Freeride-Hose-2-2-100x100.jpg 100w, https:\/\/www.mtb-trachten.com\/wp-content\/uploads\/2020\/08\/Radbekleidung-Damen-Freeride-Hose-2-2-150x150.jpg 150w, https:\/\/www.mtb-trachten.com\/wp-content\/uploads\/2020\/08\/Radbekleidung-Damen-Freeride-Hose-2-2-400x400.jpg 400w, https:\/\/www.mtb-trachten.com\/wp-content\/uploads\/2020\/08\/Radbekleidung-Damen-Freeride-Hose-2-2-500x500.jpg 500w\" sizes=\"(max-width: 300px) 100vw, 300px\" \/>\t\t<\/div>\n\t\t<div class=\"qode-pli-text\">\n\t\t\t<div class=\"qode-pli-text-outer\">\n\t\t\t\t<div class=\"qode-pli-text-inner\">\n\t\t\t\t\t\t\t\t\t<\/div>\n\t\t\t<\/div>\n\t\t<\/div>\n\t\t<a class=\"qode-pli-link\" itemprop=\"url\" href=\"https:\/\/www.mtb-trachten.com\/en\/product\/damen-hose-freeride\/\" title=\"Damen Hose Freeride &#8211; Radbekleidung\"><\/a>\n\t<\/div>\n\t<div class=\"qode-pli-text-wrapper\" >\n\t\t    <h4 itemprop=\"name\" class=\"entry-title qode-pli-title\" >\n\t\t<a itemprop=\"url\" href=\"https:\/\/www.mtb-trachten.com\/en\/product\/damen-hose-freeride\/\">Damen Hose Freeride &#8211; Radbekleidung<\/a>\n\t<\/h4>\n\t\t\n\t\t\t\t\n\t\t\t\t\n\t\t\t\t\n\t\t\t<div class=\"qode-pli-price\"><span class=\"woocommerce-Price-amount amount\"><bdi><span class=\"woocommerce-Price-currencySymbol\">&euro;<\/span>&nbsp;74,00<\/bdi><\/span><\/div>\n\n\t\t\t\n\t<div class=\"qode-pli-add-to-cart\">\n\t\t<a rel=\"nofollow\" href=\"https:\/\/www.mtb-trachten.com\/en\/product\/damen-hose-freeride\/\" data-quantity=\"1\" data-product_id=\"166\" data-product_sku=\"\" class=\"product_type_variable add_to_cart_button qode-button\" data-no-translation=\"\" data-trp-gettext=\"\">Select version<\/a>\t<\/div>\t<\/div>\n<\/div>        <\/div>\n    <\/div>\t\t\t\t<\/div>\n\t\t\t\t<\/div>\n\t\t\t\t\t<\/div>\n\t\t<\/div>\n\t\t\t\t\t<\/div>\n\t\t<\/section>\n\t\t\t\t<section data-q_id=\"#jacke\" class=\"elementor-section elementor-top-section elementor-element elementor-element-e878ee3 elementor-section-boxed elementor-section-height-default elementor-section-height-default parallax_section_no qode_elementor_container_no\" data-id=\"e878ee3\" data-element_type=\"section\" data-e-type=\"section\">\n\t\t\t\t\t\t<div class=\"elementor-container elementor-column-gap-default\">\n\t\t\t\t\t<div class=\"elementor-column elementor-col-100 elementor-top-column elementor-element elementor-element-a4dce47\" data-id=\"a4dce47\" data-element_type=\"column\" data-e-type=\"column\">\n\t\t\t<div class=\"elementor-widget-wrap elementor-element-populated\">\n\t\t\t\t\t\t<div class=\"elementor-element elementor-element-d530233 elementor-widget elementor-widget-heading\" data-id=\"d530233\" data-element_type=\"widget\" data-e-type=\"widget\" data-widget_type=\"heading.default\">\n\t\t\t\t<div class=\"elementor-widget-container\">\n\t\t\t\t\t<h3 class=\"elementor-heading-title elementor-size-default\">Jacket<\/h3>\t\t\t\t<\/div>\n\t\t\t\t<\/div>\n\t\t\t\t<div class=\"elementor-element elementor-element-eaa3bf3 elementor-widget elementor-widget-bridge_product_list\" data-id=\"eaa3bf3\" data-element_type=\"widget\" data-e-type=\"widget\" data-widget_type=\"bridge_product_list.default\">\n\t\t\t\t<div class=\"elementor-widget-container\">\n\t\t\t\t\t<div class=\"qode-pl-holder qode-standard-layout qode-normal-space qode-three-columns qode-info-below-image\"  data-info-position=\"info-below-image\" data-number-of-posts=\"3\" data-number-of-columns=\"3\" data-taxonomy-values=\"Damen\/Radbekleidung\/Jacked\" data-display-rating=\"no\" data-excerpt-length=\"\" data-type=\"standard\" data-space-between-items=\"normal\" data-show-ordering-filter=\"no\" data-price-range=\"\" data-orderby=\"date\" data-order=\"ASC\" data-show-category-filter=\"no\" data-category-values=\"\" data-show-all-item-in-filter=\"\" data-taxonomy-to-display=\"category\" data-display-title=\"yes\" data-display-category=\"no\" data-display-excerpt=\"no\" data-display-price=\"yes\" data-product-info-skin=\"\" data-product-info-hover-skin=\"\" data-title-tag=\"h4\">\n\t                        <div class=\"qode-prl-loading\">\n            <span class=\"qode-prl-loading-msg\">Loading...<\/span>\n        <\/div>\n        <div class=\"qode-pl-outer\">\n            <div class=\"qode-pli qode-woo-image-normal-width\">\n\t<div class=\"qode-pli-inner\">\n\t\t<div class=\"qode-pli-image\">\n\t\t\t\n\n<img loading=\"lazy\" decoding=\"async\" width=\"300\" height=\"300\" src=\"https:\/\/www.mtb-trachten.com\/wp-content\/uploads\/2020\/08\/Radbekleidung-Damen-Jacke-3-1-scaled-300x300.jpg\" class=\"attachment-shop_catalog size-shop_catalog wp-post-image\" alt=\"Radbekleidung Damen Jacke\" srcset=\"https:\/\/www.mtb-trachten.com\/wp-content\/uploads\/2020\/08\/Radbekleidung-Damen-Jacke-3-1-scaled-300x300.jpg 300w, https:\/\/www.mtb-trachten.com\/wp-content\/uploads\/2020\/08\/Radbekleidung-Damen-Jacke-3-1-scaled-100x100.jpg 100w, https:\/\/www.mtb-trachten.com\/wp-content\/uploads\/2020\/08\/Radbekleidung-Damen-Jacke-3-1-150x150.jpg 150w, https:\/\/www.mtb-trachten.com\/wp-content\/uploads\/2020\/08\/Radbekleidung-Damen-Jacke-3-1-400x400.jpg 400w, https:\/\/www.mtb-trachten.com\/wp-content\/uploads\/2020\/08\/Radbekleidung-Damen-Jacke-3-1-570x570.jpg 570w, https:\/\/www.mtb-trachten.com\/wp-content\/uploads\/2020\/08\/Radbekleidung-Damen-Jacke-3-1-500x500.jpg 500w, https:\/\/www.mtb-trachten.com\/wp-content\/uploads\/2020\/08\/Radbekleidung-Damen-Jacke-3-1-1000x1000.jpg 1000w\" sizes=\"(max-width: 300px) 100vw, 300px\" \/>\t\t<\/div>\n\t\t<div class=\"qode-pli-text\">\n\t\t\t<div class=\"qode-pli-text-outer\">\n\t\t\t\t<div class=\"qode-pli-text-inner\">\n\t\t\t\t\t\t\t\t\t<\/div>\n\t\t\t<\/div>\n\t\t<\/div>\n\t\t<a class=\"qode-pli-link\" itemprop=\"url\" href=\"https:\/\/www.mtb-trachten.com\/en\/product\/damen-jacke-2\/\" title=\"Damen Jacke &#8211; Radbekleidung\"><\/a>\n\t<\/div>\n\t<div class=\"qode-pli-text-wrapper\" >\n\t\t    <h4 itemprop=\"name\" class=\"entry-title qode-pli-title\" >\n\t\t<a itemprop=\"url\" href=\"https:\/\/www.mtb-trachten.com\/en\/product\/damen-jacke-2\/\">Damen Jacke &#8211; Radbekleidung<\/a>\n\t<\/h4>\n\t\t\n\t\t\t\t\n\t\t\t\t\n\t\t\t\t\n\t\t\t<div class=\"qode-pli-price\"><span class=\"woocommerce-Price-amount amount\"><bdi><span class=\"woocommerce-Price-currencySymbol\">&euro;<\/span>&nbsp;149,00<\/bdi><\/span><\/div>\n\n\t\t\t\n\t<div class=\"qode-pli-add-to-cart\">\n\t\t<a rel=\"nofollow\" href=\"https:\/\/www.mtb-trachten.com\/en\/product\/damen-jacke-2\/\" data-quantity=\"1\" data-product_id=\"179\" data-product_sku=\"\" class=\"product_type_variable add_to_cart_button qode-button\" data-no-translation=\"\" data-trp-gettext=\"\">Select version<\/a>\t<\/div>\t<\/div>\n<\/div>        <\/div>\n    <\/div>\t\t\t\t<\/div>\n\t\t\t\t<\/div>\n\t\t\t\t\t<\/div>\n\t\t<\/div>\n\t\t\t\t\t<\/div>\n\t\t<\/section>\n\t\t\t\t<\/div>","protected":false},"excerpt":{"rendered":"<p>Damen &#8211; Radbekleidung Rotbraun Loading&#8230; Damen Set Rotbraun 149,00&nbsp;&euro; Ausf\u00fchrung w\u00e4hlen Damen Trikot Rotbraun 84,00&nbsp;&euro; Ausf\u00fchrung w\u00e4hlen Damen Hose Rotbraun 74,00&nbsp;&euro; Ausf\u00fchrung w\u00e4hlen Gr\u00fcnlila Loading&#8230; Damen Set Gr\u00fcn-Lila 149,00&nbsp;&euro; Ausf\u00fchrung w\u00e4hlen Damen Trikot Gr\u00fcn-Lila 84,00&nbsp;&euro; Ausf\u00fchrung w\u00e4hlen Damen Hose gr\u00fcn-lila 74,00&nbsp;&euro; Ausf\u00fchrung w\u00e4hlen Jeans Loading&#8230;&#8230;<\/p>","protected":false},"author":1,"featured_media":0,"parent":0,"menu_order":0,"comment_status":"closed","ping_status":"closed","template":"","meta":{"footnotes":""},"class_list":["post-360","page","type-page","status-publish","hentry"],"aioseo_notices":[],"_links":{"self":[{"href":"https:\/\/www.mtb-trachten.com\/en\/wp-json\/wp\/v2\/pages\/360","targetHints":{"allow":["GET"]}}],"collection":[{"href":"https:\/\/www.mtb-trachten.com\/en\/wp-json\/wp\/v2\/pages"}],"about":[{"href":"https:\/\/www.mtb-trachten.com\/en\/wp-json\/wp\/v2\/types\/page"}],"author":[{"embeddable":true,"href":"https:\/\/www.mtb-trachten.com\/en\/wp-json\/wp\/v2\/users\/1"}],"replies":[{"embeddable":true,"href":"https:\/\/www.mtb-trachten.com\/en\/wp-json\/wp\/v2\/comments?post=360"}],"version-history":[{"count":0,"href":"https:\/\/www.mtb-trachten.com\/en\/wp-json\/wp\/v2\/pages\/360\/revisions"}],"wp:attachment":[{"href":"https:\/\/www.mtb-trachten.com\/en\/wp-json\/wp\/v2\/media?parent=360"}],"curies":[{"name":"wp","href":"https:\/\/api.w.org\/{rel}","templated":true}]}}