{"id":104,"date":"2020-08-07T09:00:35","date_gmt":"2020-08-07T07:00:35","guid":{"rendered":"https:\/\/www.mtb-trachten.com\/agb\/"},"modified":"2023-02-15T09:57:46","modified_gmt":"2023-02-15T08:57:46","slug":"agb","status":"publish","type":"page","link":"https:\/\/www.mtb-trachten.com\/en\/agb\/","title":{"rendered":"AGB"},"content":{"rendered":"<div data-elementor-type=\"wp-page\" data-elementor-id=\"104\" class=\"elementor elementor-104\">\n\t\t\t\t\t\t<section class=\"elementor-section elementor-top-section elementor-element elementor-element-fee0b1e elementor-section-boxed elementor-section-height-default elementor-section-height-default parallax_section_no qode_elementor_container_no\" data-id=\"fee0b1e\" data-element_type=\"section\" data-e-type=\"section\">\n\t\t\t\t\t\t<div class=\"elementor-container elementor-column-gap-default\">\n\t\t\t\t\t<div class=\"elementor-column elementor-col-100 elementor-top-column elementor-element elementor-element-4469159\" data-id=\"4469159\" data-element_type=\"column\" data-e-type=\"column\">\n\t\t\t<div class=\"elementor-widget-wrap elementor-element-populated\">\n\t\t\t\t\t\t<div class=\"elementor-element elementor-element-e051cab elementor-widget elementor-widget-heading\" data-id=\"e051cab\" data-element_type=\"widget\" data-e-type=\"widget\" data-widget_type=\"heading.default\">\n\t\t\t\t<div class=\"elementor-widget-container\">\n\t\t\t\t\t<h2 class=\"elementor-heading-title elementor-size-default\">Terms of Service<\/h2>\t\t\t\t<\/div>\n\t\t\t\t<\/div>\n\t\t\t\t\t<\/div>\n\t\t<\/div>\n\t\t\t\t\t<\/div>\n\t\t<\/section>\n\t\t\t\t<section class=\"elementor-section elementor-top-section elementor-element elementor-element-9cfdb39 elementor-section-boxed elementor-section-height-default elementor-section-height-default parallax_section_no qode_elementor_container_no\" data-id=\"9cfdb39\" data-element_type=\"section\" data-e-type=\"section\">\n\t\t\t\t\t\t<div class=\"elementor-container elementor-column-gap-default\">\n\t\t\t\t\t<div class=\"elementor-column elementor-col-100 elementor-top-column elementor-element elementor-element-42b53fd\" data-id=\"42b53fd\" data-element_type=\"column\" data-e-type=\"column\">\n\t\t\t<div class=\"elementor-widget-wrap elementor-element-populated\">\n\t\t\t\t\t\t<div class=\"elementor-element elementor-element-804d86b elementor-widget elementor-widget-text-editor\" data-id=\"804d86b\" data-element_type=\"widget\" data-e-type=\"widget\" data-widget_type=\"text-editor.default\">\n\t\t\t\t<div class=\"elementor-widget-container\">\n\t\t\t\t\t\t\t\t\t<p><strong><span style=\"vertical-align: inherit;\"><span style=\"vertical-align: inherit;\">Terms of Service<\/span><\/span><\/strong><br \/><span style=\"vertical-align: inherit;\"><span style=\"vertical-align: inherit;\">Die nachstehenden AGB enthalten zugleich gesetzliche Informationen zu Ihren Rechten. <\/span><\/span><br \/><span style=\"vertical-align: inherit;\"><span style=\"vertical-align: inherit;\">1. Allgemeines, Geltungsbereich<\/span><\/span><br \/><span style=\"vertical-align: inherit;\"><span style=\"vertical-align: inherit;\">2. Vertragsschluss<\/span><\/span><br \/><span style=\"vertical-align: inherit;\"><span style=\"vertical-align: inherit;\">3. Preise und Versandkosten<\/span><\/span><br \/><span style=\"vertical-align: inherit;\"><span style=\"vertical-align: inherit;\">4. Zahlungsbedingungen<\/span><\/span><br \/><span style=\"vertical-align: inherit;\"><span style=\"vertical-align: inherit;\">5. Lieferbedingungen, Teillieferungen<\/span><\/span><br \/><span style=\"vertical-align: inherit;\"><span style=\"vertical-align: inherit;\">6. Eigentumsvorbehalt<\/span><\/span><br \/><span style=\"vertical-align: inherit;\"><span style=\"vertical-align: inherit;\">7. Musterversand, Unterlagen<\/span><\/span><br \/><span style=\"vertical-align: inherit;\"><span style=\"vertical-align: inherit;\">8. Widerrufsrecht f\u00fcr Verbraucher<\/span><\/span><br \/><span style=\"vertical-align: inherit;\"><span style=\"vertical-align: inherit;\">9. Gew\u00e4hrleistung<\/span><\/span><br \/><span style=\"vertical-align: inherit;\"><span style=\"vertical-align: inherit;\">10. Haftung<\/span><\/span><br \/><span style=\"vertical-align: inherit;\"><span style=\"vertical-align: inherit;\">11. Urheberrecht\/ Schutzrechte Dritter, Haftungsfreistellung, unzul\u00e4ssige Designs<\/span><\/span><br \/><span style=\"vertical-align: inherit;\"><span style=\"vertical-align: inherit;\">12. Produktkennzeichnung, Eigenwerbung und eigene Rechte <\/span><\/span><br \/><span style=\"vertical-align: inherit;\"><span style=\"vertical-align: inherit;\">13. Streitbeilegung<\/span><\/span><br \/><span style=\"vertical-align: inherit;\"><span style=\"vertical-align: inherit;\">14. Gerichtsstand, Rechtswahl <\/span><\/span><br \/><strong><span style=\"vertical-align: inherit;\"><span style=\"vertical-align: inherit;\">1. Allgemeines, Geltungsbereich<\/span><\/span><\/strong><br \/><span style=\"vertical-align: inherit;\"><span style=\"vertical-align: inherit;\">1.1. Diese Allgemeinen Gesch\u00e4ftsbedingungen gelten f\u00fcr alle Bestellungen, die Verbraucher (\u00a7 13 BGB) und Unternehmer (\u00a7 14 BGB) (beide nachfolgend \u201eKunde\u201c) bei der <\/span><\/span><br \/><span style=\"vertical-align: inherit;\"><span style=\"vertical-align: inherit;\">mtb-trachten.com, Gewerbepark Harham 25, 5760 Saalfelden <\/span><\/span><br \/><span style=\"vertical-align: inherit;\"><span style=\"vertical-align: inherit;\">Gesch\u00e4ftsf\u00fchrer: Gerhard Schwabl &amp; Ingo Breitfu\u00df Ges.n.b.R. <\/span><\/span><br \/><span style=\"vertical-align: inherit;\"><span style=\"vertical-align: inherit;\">Telf: +43 660 8012908<\/span><\/span><br \/><span style=\"vertical-align: inherit;\"><span style=\"vertical-align: inherit;\">E-Mail: info@mtb-trachten.com<\/span><\/span><br \/><span style=\"vertical-align: inherit;\"><span style=\"vertical-align: inherit;\">abgeben. <\/span><\/span><br \/><span style=\"vertical-align: inherit;\"><span style=\"vertical-align: inherit;\">1.2. Verbraucher ist jede nat\u00fcrliche Person, die ein Rechtsgesch\u00e4ft zu Zwecken abschlie\u00dft, die \u00fcberwiegend weder ihrer gewerblichen noch ihrer selbst\u00e4ndigen beruflichen T\u00e4tigkeit zugerechnet werden kann. <\/span><\/span><br \/><span style=\"vertical-align: inherit;\"><span style=\"vertical-align: inherit;\">1.3. Unternehmer ist eine nat\u00fcrliche oder juristische Person oder eine rechtsf\u00e4hige Personengesellschaft, die bei Abschluss eines Rechtsgesch\u00e4fts in Aus\u00fcbung ihrer gewerblichen oder selbst\u00e4ndigen beruflichen T\u00e4tigkeit handelt. <\/span><\/span><br \/><span style=\"vertical-align: inherit;\"><span style=\"vertical-align: inherit;\">1.4. Kunde im Sinne dieser Gesch\u00e4ftsbedingungen sind sowohl Verbraucher als auch Unternehmer. <\/span><\/span><br \/><span style=\"vertical-align: inherit;\"><span style=\"vertical-align: inherit;\">1.5. Unsere Lieferungen, Leistungen und Angebote erfolgen ausschlie\u00dflich auf der Grundlage dieser AGB. <\/span><\/span><br \/><span style=\"vertical-align: inherit;\"><span style=\"vertical-align: inherit;\">1.6 Gesch\u00e4fts- und Einkaufsbedingungen des Kunden werden hiermit widersprochen.<\/span><\/span><\/p><p><strong><span style=\"vertical-align: inherit;\"><span style=\"vertical-align: inherit;\">2. Vertragsschluss<\/span><\/span><\/strong><br \/><span style=\"vertical-align: inherit;\"><span style=\"vertical-align: inherit;\">2.1. Die Produktdarstellungen im Online-Shop dienen zur Abgabe eines Kaufangebotes und stellen eine unverbindliche Aufforderung an den Kunden dar, bei mtb-trachten.com zu bestellen. <\/span><\/span><br \/><span style=\"vertical-align: inherit;\"><span style=\"vertical-align: inherit;\">2.2 Kauf von Standardprodukten<\/span><\/span><br \/><span style=\"vertical-align: inherit;\"><span style=\"vertical-align: inherit;\">2.2.1. Standardprodukte sind solche Produkte, die der Kunde bei mtb-trachten.com erwerben kann, ohne dass eine eigene Individualisierung an den Produkten vorgenommen wird. <\/span><\/span><br \/><span style=\"vertical-align: inherit;\"><span style=\"vertical-align: inherit;\">2.2.2. Bei dem Kauf von Standardprodukten gibt der Kunde durch Anklicken des Buttons \u201ekostenpflichtig bestellen\u201c sein verbindliches Kaufangebot ab. Vor Abschicken der verbindlichen Bestellung kann der Kunde die Bestelldaten (Waren, Menge, Preis, Liefer- und Zahlungsmodalit\u00e4ten) jederzeit einsehen und die Bestellung gegebenenfalls ab\u00e4ndern. Der Bestellvorgang l\u00e4sst sich jederzeit durch Schlie\u00dfen des Browserfensters abbrechen. <\/span><\/span><br \/><span style=\"vertical-align: inherit;\"><span style=\"vertical-align: inherit;\">2.2.3. mtb-trachten.com kann die Bestellung innerhalb von 7 Werktagen durch Versand einer separaten Auftragsbest\u00e4tigung oder durch Lieferung der Ware annehmen. <\/span><\/span><br \/><span style=\"vertical-align: inherit;\"><span style=\"vertical-align: inherit;\">2.2.4. Die Best\u00e4tigung des Eingangs der Bestellung erfolgt durch eine automatisierte E-Mail unmittelbar nach dem Absenden der Bestellung und stellt noch keine Vertragsannahme dar. <\/span><\/span><br \/><span style=\"vertical-align: inherit;\"><span style=\"vertical-align: inherit;\">2.2.5. Bei Bestellungen per E-Mail oder bei telefonischen oder schriftlichen Bestellungen von Standardprodukten wird mtb-trachten.com den Eingang der Bestellung ebenfalls gesondert best\u00e4tigen. Diese Eingangsbest\u00e4tigung stellt keine verbindliche Annahme der Bestellung durch mtb-trachten.com dar, au\u00dfer wenn mtb-trachten.com dies ausdr\u00fccklich erkl\u00e4rt. <\/span><\/span><br \/><span style=\"vertical-align: inherit;\"><span style=\"vertical-align: inherit;\">2.3. Kauf von Custom-Produkten<\/span><\/span><br \/><span style=\"vertical-align: inherit;\"><span style=\"vertical-align: inherit;\">2.3.1. Custom-Produkte sind solche Produkte, die durch den Kunden individualisiert wurden, in dem sie nach seinen Vorstellungen z.B. im Design, bez\u00fcglich der Beschriftungen und Farben sowie unter Einbindung von Logos gestaltet wurden. <\/span><\/span><br \/><span style=\"vertical-align: inherit;\"><span style=\"vertical-align: inherit;\">2.3.2. mtb-trachten.com \u00fcbersendet dem Kunden per E-Mail ein Kontrolldesign und einen Kostenvoranschlag und nennt die Lieferkonditionen. Der Kunde hat das Kontrolldesign, den Kostenvoranschlag und die Lieferkonditionen zu \u00fcberpr\u00fcfen und kann das darin liegende Angebot von mtb-trachten.com binnen zwei Wochen nach dessen Eingang mittels schriftlicher oder per E-mail zu \u00fcbersendender Auftragsfreigabe annehmen. Eine komplette Vorauszahlung des Auftragswerts durch den Kunden kommt der Auftragsfreigabe gleich. Mit Eingang der Auftragsfreigabe des Kunden bei mtb-trachten.com kommt der Vertrag zustande. Und eine entsprechende Anzahlung ist zu leisten. <\/span><\/span><br \/><span style=\"vertical-align: inherit;\"><span style=\"vertical-align: inherit;\">2.4. Bei Vertragsschluss werden die Vertragsbestimmungen von mtb-trachten.com gespeichert und zur entsprechenden Weiterverarbeitung verwendet. <\/span><\/span><br \/><span style=\"vertical-align: inherit;\"><span style=\"vertical-align: inherit;\">2.5. Die f\u00fcr den Vertragsschluss zur Verf\u00fcgung stehenden Sprachen sind Deutsch, Englisch.<\/span><\/span><br \/><strong><span style=\"vertical-align: inherit;\"><span style=\"vertical-align: inherit;\">3. Preise und Versandkosten<\/span><\/span><\/strong><br \/><span style=\"vertical-align: inherit;\"><span style=\"vertical-align: inherit;\">3.1. F\u00fcr Verbraucher aus EU-Staaten sind die angegebenen Preise Endpreise. Sie enthalten die anfallenden gesetzlichen Steuern, insbesondere die Mehrwertsteuer, und alle sonstigen Preisbestandteile. <\/span><\/span><br \/><span style=\"vertical-align: inherit;\"><span style=\"vertical-align: inherit;\">3.2. F\u00fcr Verbraucher au\u00dferhalb der EU k\u00f6nnen zus\u00e4tzliche Portogeb\u00fchren anfallen. Au\u00dferdem k\u00f6nnen Einfuhrz\u00f6lle anfallen, die der Kunde beim Empfang der Ware zus\u00e4tzlich entrichten muss. Die genannten Abgaben werden entweder von den Zollbeh\u00f6rden oder dem Zustellunternehmen in Rechnung gestellt. <\/span><\/span><br \/><strong><span style=\"vertical-align: inherit;\"><span style=\"vertical-align: inherit;\">4. Zahlungsbedingungen<\/span><\/span><\/strong><br \/><span style=\"vertical-align: inherit;\"><span style=\"vertical-align: inherit;\">Die Zahlung erfolgt wahlweise per Vorauskasse, Paypal- oder Kreditkarte sowie innerhalb \u00d6sterreichs per Nachname. <\/span><\/span><br \/><strong><span style=\"vertical-align: inherit;\"><span style=\"vertical-align: inherit;\">5. Lieferbedingungen, Teillieferung<\/span><\/span><\/strong><br \/><span style=\"vertical-align: inherit;\"><span style=\"vertical-align: inherit;\">5.1. Die Lieferzeit betr\u00e4gt f\u00fcr Custom-Produkte 2-8 Wochen ab Auftragsfreigabe. Wird ein Express-Service vereinbart, wird die Lieferzeit individuell mit dem Kunden vereinbart. Bei Standardprodukten aus dem Shop betr\u00e4gt die Lieferzeit 2-7 Arbeitstage ab Eingang der Bestellung. <\/span><\/span><br \/><span style=\"vertical-align: inherit;\"><span style=\"vertical-align: inherit;\">5.2. Die Lieferfrist verl\u00e4ngert sich, ohne dass mtb-trachten.com gesondert darauf hinweisen muss, entsprechend, wenn und soweit der Kunde zur Vorkasse verpflichtet ist, aber keine Zahlung leistet. <\/span><\/span><br \/><span style=\"vertical-align: inherit;\"><span style=\"vertical-align: inherit;\">5.3. Sollten nicht alle bestellten Produkte vorr\u00e4tig sein, sind wir zu Teillieferungen auf unsere Kosten berechtigt, soweit dies f\u00fcr den Kunden zumutbar ist. <\/span><\/span><br \/><strong><span style=\"vertical-align: inherit;\"><span style=\"vertical-align: inherit;\">6. Eigentumsvorbehalt<\/span><\/span><\/strong><br \/><span style=\"vertical-align: inherit;\"><span style=\"vertical-align: inherit;\">6.1. Die gelieferte Ware bleibt bis zur vollst\u00e4ndigen Bezahlung s\u00e4mtlicher Forderungen aus dem Liefervertrag im Eigentum von mtb-trachten.com. <\/span><\/span><br \/><span style=\"vertical-align: inherit;\"><span style=\"vertical-align: inherit;\">6.2. Der Kunde ist verpflichtet, die Ware bis zum Eigentums\u00fcbergang pfleglich zu behandeln.<\/span><\/span><\/p><p><strong><span style=\"vertical-align: inherit;\"><span style=\"vertical-align: inherit;\">7. Musterversand, Unterlagen<\/span><\/span><\/strong><br \/><span style=\"vertical-align: inherit;\"><span style=\"vertical-align: inherit;\">7.1. Mit Mustern von mtb-trachten.com, die zur Qualit\u00e4ts- und Gr\u00f6\u00dfenkontrolle versendet werden, ist sorgf\u00e4ltig umzugehen. Muster sind sp\u00e4testens zu dem auf dem Lieferschein genannten Termin zur\u00fcckzusenden. Eine Fristverl\u00e4ngerung ist nur nach Absprache m\u00f6glich. <\/span><\/span><br \/><span style=\"vertical-align: inherit;\"><span style=\"vertical-align: inherit;\">7.2. Die \u00dcbersendung der Muster zum Kunden geht zu Lasten von mtb-trachten.com, die R\u00fccksendung zu Lasten des Kunden. Nicht ausreichend frankierte R\u00fccksendungen werden grunds\u00e4tzlich nicht angenommen. <\/span><\/span><br \/><span style=\"vertical-align: inherit;\"><span style=\"vertical-align: inherit;\">7.3. Werden Muster nicht bis zu der auf dem Lieferschein genannten Frist zur\u00fcckgesendet, erfolgt eine Berechnung zum regul\u00e4ren Verkaufspreis aus der zum Zeitpunkt der Lieferung g\u00fcltigen Preisliste von mtb-trachten.com. Dem Kunden ist es jedoch gestattet, nachzuweisen, dass ein geringerer oder gar kein Schaden entstanden ist. <\/span><\/span><br \/><span style=\"vertical-align: inherit;\"><span style=\"vertical-align: inherit;\">7.4 An Abbildungen, Zeichnungen, Kalkulationen und sonstigen dem Kunden \u00fcberlassenen Unterlagen beh\u00e4lt sich mtb-trachten.com das Eigentums- und Urheberrecht vor. Dies gilt auch f\u00fcr solche schriftliche Unterlagen, die nicht als vertraulich bezeichnet sind. Vor ihrer Weitergabe an Dritte bedarf der Kunde der ausdr\u00fccklichen schriftlichen Zustimmung von mtb-trachten.com. <\/span><\/span><br \/><strong><span style=\"vertical-align: inherit;\"><span style=\"vertical-align: inherit;\">8. Widerrufsrecht f\u00fcr Verbraucher<\/span><\/span><\/strong><br \/><span style=\"vertical-align: inherit;\"><span style=\"vertical-align: inherit;\">8.1. Widerrufsrecht f\u00fcr Verbraucher<\/span><\/span><br \/><span style=\"vertical-align: inherit;\"><span style=\"vertical-align: inherit;\">Der Verbraucher hat ein 14-t\u00e4giges Widerrufsrecht. Hier finden Sie die Bedingungen f\u00fcr das Widerrufsrecht f\u00fcr Verbraucher und das Muster Widerrufsformular <\/span><\/span><br \/><span style=\"vertical-align: inherit;\"><span style=\"vertical-align: inherit;\">Widerrufsbelehrung<\/span><\/span><br \/><span style=\"vertical-align: inherit;\"><span style=\"vertical-align: inherit;\">Widerrufsrecht<\/span><\/span><br \/><span style=\"vertical-align: inherit;\"><span style=\"vertical-align: inherit;\">Sie haben das Recht, binnen vierzehn Tagen ohne Angabe von Gr\u00fcnden diesen Vertrag zu widerrufen. <\/span><\/span><br \/><span style=\"vertical-align: inherit;\"><span style=\"vertical-align: inherit;\">Die Widerrufsfrist betr\u00e4gt vierzehn Tage ab dem Tag, an dem Sie oder ein von Ihnen benannter Dritter, der nicht der Bef\u00f6rderer ist, die Waren in Besitz genommen haben bzw. hat. <\/span><\/span><br \/><span style=\"vertical-align: inherit;\"><span style=\"vertical-align: inherit;\">Um Ihr Widerrufsrecht auszu\u00fcben, m\u00fcssen Sie uns <\/span><\/span><br \/><span style=\"vertical-align: inherit;\"><span style=\"vertical-align: inherit;\">mtb-trachten.com,<\/span><\/span><br \/><span style=\"vertical-align: inherit;\"><span style=\"vertical-align: inherit;\">Gewerbepark Harham 25<\/span><\/span><br \/><span style=\"vertical-align: inherit;\"><span style=\"vertical-align: inherit;\">5760 Saalfenden<\/span><\/span><br \/><span style=\"vertical-align: inherit;\"><span style=\"vertical-align: inherit;\">Telf: +43 660 8012908<\/span><\/span><br \/><span style=\"vertical-align: inherit;\"><span style=\"vertical-align: inherit;\">E-Mail-Adresse: info@mtb-trachten.com<\/span><\/span><br \/><span style=\"vertical-align: inherit;\"><span style=\"vertical-align: inherit;\">mittels einer eindeutigen Erkl\u00e4rung (z.B. ein mit der Post versandter Brief oder E-Mail) \u00fcber Ihren Entschluss, diesen Vertrag zu widerrufen, informieren. <\/span><\/span><br \/><span style=\"vertical-align: inherit;\"><span style=\"vertical-align: inherit;\">Zur Wahrung der Widerrufsfrist reicht es aus, dass Sie die Mitteilung \u00fcber die Aus\u00fcbung des Widerrufsrechts vor Ablauf der Widerrufsfrist absenden. <\/span><\/span><br \/><span style=\"vertical-align: inherit;\"><span style=\"vertical-align: inherit;\">Folgen des Widerrufs<\/span><\/span><br \/><span style=\"vertical-align: inherit;\"><span style=\"vertical-align: inherit;\">Wenn Sie diesen Vertrag widerrufen, haben wir Ihnen alle Zahlungen, die wir von Ihnen erhalten haben, <strong>ausschlie\u00dflich der Lieferkosten oder entstandene Zusatzkosten<\/strong>, unverz\u00fcglich und sp\u00e4testens binnen vierzehn Tagen ab dem Tag zur\u00fcckzuzahlen, an dem die Mitteilung \u00fcber Ihren Widerruf dieses Vertrages bei uns eingegangen ist. F\u00fcr diese R\u00fcckzahlung verwenden wir dasselbe Zahlungsmittel, das Sie bei der urspr\u00fcnglichen Transaktion eingesetzt haben, es sei denn, mit Ihnen wurde ausdr\u00fccklich etwas anderes vereinbart; in keinem Fall werden Ihnen wegen dieser R\u00fcckzahlung Entgelte berechnet. Wir k\u00f6nnen die R\u00fcckzahlung verweigern, bis wir die Waren wieder zur\u00fcckerhalten haben oder bis Sie den Nachweis erbracht haben,dass Sie die Waren zur\u00fcckgesandt haben, je nachdem, welches der fr\u00fchere Zeitpunkt ist.<\/span><\/span><br \/><span style=\"vertical-align: inherit;\"><span style=\"vertical-align: inherit;\">Sie haben die Waren unverz\u00fcglich und in jedem Fall sp\u00e4testens binnen vierzehn Tagen ab dem Tag, an dem Sie uns \u00fcber den Widerruf dieses Vertrages unterrichten, an uns zur\u00fcckzusenden oder zu \u00fcbergeben. Die Frist ist gewahrt, wenn Sie die Waren vor Ablauf der Frist von vierzehn Tagen absenden. <\/span><\/span><br \/><span style=\"vertical-align: inherit;\"><span style=\"vertical-align: inherit;\"><strong>Sie tragen die unmittelbaren Kosten der R\u00fccksendung der Waren.<\/strong> <\/span><\/span><br \/><span style=\"vertical-align: inherit;\"><span style=\"vertical-align: inherit;\">Sie m\u00fcssen f\u00fcr einen etwaigen Wertverlust der Ware nur aufkommen, wenn dieser Wertverlust auf einen zur Pr\u00fcfung der Beschaffenheit, Eigenschaften und Funktionsweise der Waren nicht notwendigen Umgang mit ihnen zur\u00fcckzuf\u00fchren ist.<\/span><\/span><\/p><p><span style=\"vertical-align: inherit;\"><span style=\"vertical-align: inherit;\">8.2. Ausschluss des Widerrufsrechts bei Sonderanfertigungen <\/span><\/span><br \/><span style=\"vertical-align: inherit;\"><span style=\"vertical-align: inherit;\">Das Widerrufsrecht gem\u00e4\u00df Ziffer 8.1. dieser Allgemeinen Gesch\u00e4ftsbedingungen besteht nicht bei der Lieferung von Waren, die nicht vorgefertigt sind und f\u00fcr deren Herstellung eine individuelle Auswahl oder Bestimmung durch den Verbraucher ma\u00dfgeblich ist oder die eindeutig auf die pers\u00f6nlichen Bed\u00fcrfnisse des Verbrauchers zugeschnitten ist. <\/span><\/span><br \/><strong><span style=\"vertical-align: inherit;\"><span style=\"vertical-align: inherit;\">9. Gew\u00e4hrleistung<\/span><\/span><\/strong><br \/><span style=\"vertical-align: inherit;\"><span style=\"vertical-align: inherit;\">9.1. F\u00fcr Verbraucher richtet sich die Gew\u00e4hrleistung nach den gesetzlichen Bestimmungen. <\/span><\/span><br \/><span style=\"vertical-align: inherit;\"><span style=\"vertical-align: inherit;\">9.2. Handels\u00fcbliche und technisch unvermeidbare Toleranzen in der Farbe, Qualit\u00e4t, Material, Gewicht und sonstigen Ausf\u00fchrungen sind kein Anlass f\u00fcr Beanstandungen seitens des Kunden. <\/span><\/span><br \/><span style=\"vertical-align: inherit;\"><span style=\"vertical-align: inherit;\">9.4. Beim Textildruck sind leichte Tonwertschwankungen, sowohl bei Farbandrucken als auch in der sp\u00e4teren Lieferung immer m\u00f6glich und unvermeidbar. mtb-trachten.com ist auch sehr darum bem\u00fcht, die Farben der auf der Internetseite, im (Online-)Katalog oder in sonstigen Brosch\u00fcren dargestellten Produktpalette so wirklichkeitsgetreu wie m\u00f6glich wiederzugeben. Insbesondere die Farben, die auf der Internetseite von mtb-trachten.com zu sehen sind, sind von den jeweiligen Bildschirmeinstellungen der Kunden abh\u00e4ngig, weshalb mtb-trachten.com keinerlei Garantie f\u00fcr eine entsprechende Vergleichbarkeit der Farben geben kann. <\/span><\/span><br \/><span style=\"vertical-align: inherit;\"><span style=\"vertical-align: inherit;\">9.5. Kontrolldesigns f\u00fcr die Produktionsfreigabe und Farbandrucke sind vom Kunden genauestens auf Richtigkeit zu pr\u00fcfen. mtb-trachten.com haftet nach erfolgter Freigabe nicht f\u00fcr vom Kunden \u00fcbersehene Fehler. <\/span><\/span><br \/><span style=\"vertical-align: inherit;\"><span style=\"vertical-align: inherit;\">9.6. Nach Beanstandung werden von mtb-trachten.com gegebenenfalls Muster zur Pr\u00fcfung angefordert. Die angeforderte Musterware ist vom Kunden innerhalb von drei Werktagen zu verschicken und mit einem Begleitschreiben aus dem die Art und Position der Fehler durch mtb-trachten.com nachvollzogen werden kann. <\/span><\/span><br \/><span style=\"vertical-align: inherit;\"><span style=\"vertical-align: inherit;\">9.7. mtb-trachten.com gibt gegen\u00fcber Kunden keine Garantien im Rechtssinne ab.<\/span><\/span><\/p><p><strong><span style=\"vertical-align: inherit;\"><span style=\"vertical-align: inherit;\">10. Haftung<\/span><\/span><\/strong><br \/><span style=\"vertical-align: inherit;\"><span style=\"vertical-align: inherit;\">10.1. mtb-trachten.com schlie\u00dft ihre Haftung gegen\u00fcber Kunden f\u00fcr leichte Fahrl\u00e4ssigkeit aus, sofern diese keine vertragswesentlichen Pflichten oder Sch\u00e4den der Gesundheit betreffen. Eine wesentliche Vertragspflicht ist bei Verpflichtungen gegeben, deren Erf\u00fcllung die ordnungsgem\u00e4\u00dfe Durchf\u00fchrung des Vertrages erst m\u00f6glich macht oder auf deren Einhaltung der Kunde vertraut hat und vertrauen durfte. <\/span><\/span><br \/><strong><span style=\"vertical-align: inherit;\"><span style=\"vertical-align: inherit;\">11. Urheber-\/Schutzrechte Dritter, Haftungsfreistellung, unzul\u00e4ssige Designs<\/span><\/span><\/strong><br \/><span style=\"vertical-align: inherit;\"><span style=\"vertical-align: inherit;\">11.1. \u00dcbermittelt der Kunde ein eigenes Motiv oder nimmt sonstigen Einfluss auf das Produkt (z.B. Textpersonalisierung), versichert der Kunde gegen\u00fcber mtb-trachten.com, das Design, Text und Motiv frei von Rechten Dritter sind. Etwaige Urheber-, Geschmacksmuster-, Pers\u00f6nlichkeits- oder Namens-, Kennzeichens- und Markenrechtsverletzungen gehen in diesem Fall voll zu Lasten des Kunden. Auch versichert der Kunde, dass er durch die Individualisierung des Produktes keine sonstigen Rechte Dritter verletzt. Grunds\u00e4tzlich ist jeder Kunde daf\u00fcr verantwortlich, f\u00fcr die Verwendung von rechtlich gesch\u00fctzten Schriftz\u00fcgen, Logos, Abbildungen, Slogans oder Designs die schriftliche Erlaubnis der Rechte-Inhaber einzuholen und mtb-trachten.com unaufgefordert vorzulegen.<\/span><\/span><br \/><span style=\"vertical-align: inherit;\"><span style=\"vertical-align: inherit;\">11.2. Der Kunde wird mtb-trachten.com von allen Forderungen und Anspr\u00fcchen freistellen, die wegen der Verletzung von derartigen Rechten Dritter geltend gemacht werden, soweit der Kunde die Pflichtverletzung zu vertreten hat. Der Kunde erstattet mtb-trachten.com alle entstehenden Verteidigungskosten und sonstige Sch\u00e4den. <\/span><\/span><br \/><span style=\"vertical-align: inherit;\"><span style=\"vertical-align: inherit;\">11.3. Beschriftungen, Abbildungen oder sonstige Sonderanfertigungen auf Wunsch des Kunden, die die Privatsph\u00e4re Dritter verletzen, Pornographie enthalten, der Verbreitung von verbotenen Propagandamitteln dienen oder die dazu auffordern, Straftaten zu begehen oder sich daran zu beteiligen, werden von mtb-trachten.com nicht umgesetzt. <\/span><\/span><br \/><span style=\"vertical-align: inherit;\"><span style=\"vertical-align: inherit;\">11.4. Insbesondere Vereine sollten m\u00f6gliche Richtlinien, Auflagen und Beschr\u00e4nkungen ihrer Verb\u00e4nde beachten. mtb-trachten.com \u00fcbernimmt keine Haftung oder Gew\u00e4hrleistung f\u00fcr m\u00f6gliche Verst\u00f6\u00dfe. <\/span><\/span><br \/><strong><span style=\"vertical-align: inherit;\"><span style=\"vertical-align: inherit;\">12. Produktkennzeichung, Eigenwerbung und eigene Rechte<\/span><\/span><\/strong><br \/><span style=\"vertical-align: inherit;\"><span style=\"vertical-align: inherit;\">12.1. Alle von mtb-trachten.com gelieferten Artikel tragen grunds\u00e4tzlich<\/span><\/span><\/p><p><span style=\"vertical-align: inherit;\"><span style=\"vertical-align: inherit;\">\u2013 ein oder mehrere eingen\u00e4hte Innenetiketten mit dem mtb-trachten.com oder dem Zulieferer Logo und\/oder Schriftzug<\/span><\/span><br \/><span style=\"vertical-align: inherit;\"><span style=\"vertical-align: inherit;\">\u2013 ein Waschetikett mit mtb-trachten.com Logo und\/oder Schriftzug <\/span><\/span><br \/><span style=\"vertical-align: inherit;\"><span style=\"vertical-align: inherit;\">Dar\u00fcber hinaus k\u00f6nnen auch andere Materialien am Textil wie z.B. Gummis oder Rei\u00dfverschl\u00fcsse mit Markenzeichen versehen sein. <\/span><\/span><br \/><span style=\"vertical-align: inherit;\"><span style=\"vertical-align: inherit;\">12.2. mtb-trachten.com ist berechtigt, von ihr produzierte Produkte in ihrem eigenen Online-Shop, ihren eigenen (Online-)Katalogen und in sonstigen Produktbeschreibungen, Unterlagen, Anzeigen etc. unabh\u00e4ngig von ihrer Form (elektronisch oder schriftlich) und auf Ausstellungen zu pr\u00e4sentieren. <\/span><\/span><br \/><span style=\"vertical-align: inherit;\"><span style=\"vertical-align: inherit;\">12.3. mtb-trachten.com darf den Kunden in jedem Medium als Referenz nennen. Dies umfasst auch die Nennung und Benutzung eventuell gesch\u00fctzter Bezeichnungen oder Logos. mtb-trachten.com ist zur Nennung nicht verpflichtet. Der Kunde darf die Nennung einschr\u00e4nken oder untersagen. <\/span><\/span><br \/><span style=\"vertical-align: inherit;\"><span style=\"vertical-align: inherit;\">12.4. Im Falle von Fehl- oder \u00dcberproduktionen hat mtb-trachten.com das Recht, die Produkte als Muster anderen Kunden zur Verf\u00fcgung zu stellen oder f\u00fcr interne Testreihen zu verwenden. <\/span><\/span><br \/><strong><span style=\"vertical-align: inherit;\"><span style=\"vertical-align: inherit;\">13. Streitbeilegung<\/span><\/span><\/strong><br \/><span style=\"vertical-align: inherit;\"><span style=\"vertical-align: inherit;\">Die Europ\u00e4ische Kommission stellt eine Plattform zur Online-Streitbeilegung (OS) in Verbraucherangelegenheiten unter http:\/\/ec.europa.eu\/consumers\/odr\/ bereit.<\/span><\/span><br \/><span style=\"vertical-align: inherit;\"><span style=\"vertical-align: inherit;\">Zur Teilnahme an einem Streitbeilegungsverfahren vor einer Verbraucherschlichtungsstelle sind wir nicht verpflichtet und nicht bereit. <\/span><\/span><br \/><strong><span style=\"vertical-align: inherit;\"><span style=\"vertical-align: inherit;\">14. Gerichtsstand, Rechtswahl<\/span><\/span><\/strong><br \/><span style=\"vertical-align: inherit;\"><span style=\"vertical-align: inherit;\">14.1. Die vertraglichen Beziehungen der Parteien unterliegen \u00f6sterreichischem Recht. Unber\u00fchrt davon bleiben die zwingenden Bestimmungen des Staates, in dem der Verbraucher seinen gew\u00f6hnlichen Aufenthalt hat. <\/span><\/span><br \/><span style=\"vertical-align: inherit;\"><span style=\"vertical-align: inherit;\">14.2. Erf\u00fcllungsort f\u00fcr s\u00e4mtliche Lieferverpflichtungen von mtb-trachten.com und f\u00fcr die sonstigen Vertragsverpflichtungen ist Saalfelden. <\/span><\/span><br \/><span style=\"vertical-align: inherit;\"><span style=\"vertical-align: inherit;\">14.3. Gerichtsstand f\u00fcr Streitigkeiten aus oder im Zusammenhang mit diesem Vertrag ist der Sitz von mtb-trachten.com, sofern der Kunde Kaufmann, eine juristische Person des \u00f6ffentlichen Rechts oder ein \u00f6ffentlich-rechtliches Sonderverm\u00f6gen ist. mtb-trachten.com ist auch berechtigt, die in diesem Absatz genannten Kunden an ihrem allgemeinen Gerichtsstand zu verklagen. <\/span><\/span><br \/><span style=\"vertical-align: inherit;\"><span style=\"vertical-align: inherit;\">14.4. Hat der Kunde keinen Gerichtsstand in \u00d6sterreich oder in einem anderen EU-Mitgliedsstaat, ist Gerichtsstand f\u00fcr s\u00e4mtliche Streitigkeiten aus diesem Vertrag der Gesch\u00e4ftssitz von mtb-trachten.com. mtb-trachten.com ist aber auch berechtigt, die in diesem Absatz genannten Kunden an ihrem allgemeinen Gerichtsstand zu verklagen.<\/span><\/span><\/p><p>aus<\/p>\t\t\t\t\t\t\t\t<\/div>\n\t\t\t\t<\/div>\n\t\t\t\t\t<\/div>\n\t\t<\/div>\n\t\t\t\t\t<\/div>\n\t\t<\/section>\n\t\t\t\t<\/div>","protected":false},"excerpt":{"rendered":"<p>Allgemeine Gesch\u00e4ftsbedingungen Allgemeine Gesch\u00e4ftsbedingungenDie nachstehenden AGB enthalten zugleich gesetzliche Informationen zu Ihren Rechten. 1. Allgemeines, Geltungsbereich2. Vertragsschluss3. Preise und Versandkosten4. Zahlungsbedingungen5. Lieferbedingungen, Teillieferungen6. Eigentumsvorbehalt7. Musterversand, Unterlagen8. Widerrufsrecht f\u00fcr Verbraucher9. Gew\u00e4hrleistung10. Haftung11. Urheberrecht\/ Schutzrechte Dritter, Haftungsfreistellung, unzul\u00e4ssige Designs12. Produktkennzeichnung, Eigenwerbung und eigene Rechte 13. Streitbeilegung14. Gerichtsstand,&#8230;<\/p>","protected":false},"author":1,"featured_media":0,"parent":0,"menu_order":0,"comment_status":"closed","ping_status":"closed","template":"","meta":{"footnotes":""},"class_list":["post-104","page","type-page","status-publish","hentry"],"aioseo_notices":[],"_links":{"self":[{"href":"https:\/\/www.mtb-trachten.com\/en\/wp-json\/wp\/v2\/pages\/104","targetHints":{"allow":["GET"]}}],"collection":[{"href":"https:\/\/www.mtb-trachten.com\/en\/wp-json\/wp\/v2\/pages"}],"about":[{"href":"https:\/\/www.mtb-trachten.com\/en\/wp-json\/wp\/v2\/types\/page"}],"author":[{"embeddable":true,"href":"https:\/\/www.mtb-trachten.com\/en\/wp-json\/wp\/v2\/users\/1"}],"replies":[{"embeddable":true,"href":"https:\/\/www.mtb-trachten.com\/en\/wp-json\/wp\/v2\/comments?post=104"}],"version-history":[{"count":0,"href":"https:\/\/www.mtb-trachten.com\/en\/wp-json\/wp\/v2\/pages\/104\/revisions"}],"wp:attachment":[{"href":"https:\/\/www.mtb-trachten.com\/en\/wp-json\/wp\/v2\/media?parent=104"}],"curies":[{"name":"wp","href":"https:\/\/api.w.org\/{rel}","templated":true}]}}